{"id":294,"date":"2013-01-05T12:28:13","date_gmt":"2013-01-05T11:28:13","guid":{"rendered":"http:\/\/www.janinebeangallery.com\/en\/?page_id=294"},"modified":"2021-05-19T17:57:33","modified_gmt":"2021-05-19T16:57:33","slug":"messen-2012","status":"publish","type":"page","link":"https:\/\/www.janinebeangallery.com\/en\/?page_id=294","title":{"rendered":"art fairs 2012"},"content":{"rendered":"<p><strong><a href=\"https:\/\/www.janinebeangallery.com\/en\/?attachment_id=890\" rel=\"attachment wp-att-890\"><img loading=\"lazy\" decoding=\"async\" class=\"alignleft size-medium wp-image-890\" src=\"https:\/\/www.janinebeangallery.com\/en\/wp-content\/uploads\/2013\/01\/SCOPE-logo-292f8062a9bc21cfa2154e8ee625e318-300x129.png\" alt=\"\" width=\"300\" height=\"129\"><\/a>Scope Basel at KASERNE, Klybeckstrasse 1b, 4057 Basel, Switzerland<\/strong><\/p>\n<p><strong>Tanja Selzer, Anna Borowy, Donata Benker, Marco Reichert, Peter-Simon M\u00fchlh\u00e4u\u00dfer<\/strong><\/p>\n<p>janinebeangallery, booth G05<\/p>\n<div><strong><a href=\"http:\/\/www.janinebeangallery.com\/pdfs\/online_scope_basel.pdf\">exhibition catalog as PDF <\/a><\/strong><\/div>\n<div id='gallery-1' class='gallery galleryid-294 gallery-columns-3 gallery-size-thumbnail'><figure class='gallery-item'>\n\t\t\t<div class='gallery-icon portrait'>\n\t\t\t\t<a href='https:\/\/www.janinebeangallery.com\/en\/?attachment_id=839#main'><img loading=\"lazy\" decoding=\"async\" width=\"150\" height=\"150\" src=\"https:\/\/www.janinebeangallery.com\/en\/wp-content\/uploads\/2013\/01\/182810_3405889871151_1772450821_n-150x150.jpg\" class=\"attachment-thumbnail size-thumbnail\" alt=\"\" \/><\/a>\n\t\t\t<\/div><\/figure><figure class='gallery-item'>\n\t\t\t<div class='gallery-icon landscape'>\n\t\t\t\t<a href='https:\/\/www.janinebeangallery.com\/en\/?attachment_id=840#main'><img loading=\"lazy\" decoding=\"async\" width=\"150\" height=\"150\" src=\"https:\/\/www.janinebeangallery.com\/en\/wp-content\/uploads\/2013\/01\/382447_3405890391164_1435381153_n-150x150.jpg\" class=\"attachment-thumbnail size-thumbnail\" alt=\"\" \/><\/a>\n\t\t\t<\/div><\/figure><figure class='gallery-item'>\n\t\t\t<div class='gallery-icon landscape'>\n\t\t\t\t<a href='https:\/\/www.janinebeangallery.com\/en\/?attachment_id=841#main'><img loading=\"lazy\" decoding=\"async\" width=\"150\" height=\"150\" src=\"https:\/\/www.janinebeangallery.com\/en\/wp-content\/uploads\/2013\/01\/389223_3405891391189_738065013_n-150x150.jpg\" class=\"attachment-thumbnail size-thumbnail\" alt=\"\" \/><\/a>\n\t\t\t<\/div><\/figure><figure class='gallery-item'>\n\t\t\t<div class='gallery-icon portrait'>\n\t\t\t\t<a href='https:\/\/www.janinebeangallery.com\/en\/?attachment_id=842#main'><img loading=\"lazy\" decoding=\"async\" width=\"150\" height=\"150\" src=\"https:\/\/www.janinebeangallery.com\/en\/wp-content\/uploads\/2013\/01\/484308_3439160342892_1851679099_n-150x150.jpg\" class=\"attachment-thumbnail size-thumbnail\" alt=\"\" \/><\/a>\n\t\t\t<\/div><\/figure><figure class='gallery-item'>\n\t\t\t<div class='gallery-icon portrait'>\n\t\t\t\t<a href='https:\/\/www.janinebeangallery.com\/en\/?attachment_id=843#main'><img loading=\"lazy\" decoding=\"async\" width=\"150\" height=\"150\" src=\"https:\/\/www.janinebeangallery.com\/en\/wp-content\/uploads\/2013\/01\/522690_3405891191184_1476458380_n-150x150.jpg\" class=\"attachment-thumbnail size-thumbnail\" alt=\"\" \/><\/a>\n\t\t\t<\/div><\/figure><figure class='gallery-item'>\n\t\t\t<div class='gallery-icon portrait'>\n\t\t\t\t<a href='https:\/\/www.janinebeangallery.com\/en\/?attachment_id=844#main'><img loading=\"lazy\" decoding=\"async\" width=\"150\" height=\"150\" src=\"https:\/\/www.janinebeangallery.com\/en\/wp-content\/uploads\/2013\/01\/527608_3405890111157_2089572092_n-150x150.jpg\" class=\"attachment-thumbnail size-thumbnail\" alt=\"\" \/><\/a>\n\t\t\t<\/div><\/figure><figure class='gallery-item'>\n\t\t\t<div class='gallery-icon portrait'>\n\t\t\t\t<a href='https:\/\/www.janinebeangallery.com\/en\/?attachment_id=845#main'><img loading=\"lazy\" decoding=\"async\" width=\"150\" height=\"150\" src=\"https:\/\/www.janinebeangallery.com\/en\/wp-content\/uploads\/2013\/01\/554620_3439160542897_2036118390_n-150x150.jpg\" class=\"attachment-thumbnail size-thumbnail\" alt=\"\" \/><\/a>\n\t\t\t<\/div><\/figure><figure class='gallery-item'>\n\t\t\t<div class='gallery-icon portrait'>\n\t\t\t\t<a href='https:\/\/www.janinebeangallery.com\/en\/?attachment_id=846#main'><img loading=\"lazy\" decoding=\"async\" width=\"150\" height=\"150\" src=\"https:\/\/www.janinebeangallery.com\/en\/wp-content\/uploads\/2013\/01\/598369_3439159702876_2102607276_n-150x150.jpg\" class=\"attachment-thumbnail size-thumbnail\" alt=\"\" \/><\/a>\n\t\t\t<\/div><\/figure>\n\t\t<\/div>\n\n<p>&nbsp;<\/p>\n<p>&nbsp;<\/p>\n<p><a href=\"https:\/\/www.janinebeangallery.com\/en\/?attachment_id=378\" rel=\"attachment wp-att-378\"><img loading=\"lazy\" decoding=\"async\" class=\"alignleft size-full wp-image-378\" src=\"https:\/\/www.janinebeangallery.com\/en\/wp-content\/uploads\/2013\/01\/art_karlsruhe_120x120.png\" alt=\"\" width=\"120\" height=\"120\"><\/a><strong>Tanja Selzer, Anna Borowy, Donata Benker, Marco Reichert, Peter-Simon M\u00fchlh\u00e4u\u00dfer auf der art Karlsruhe 2012<\/strong><\/p>\n<p><strong>Art Karlsruhe<\/strong><\/p>\n<p>Messeallee 1<\/p>\n<p>76287 Rheinstetten<\/p>\n<p>March 8. &#8211; March 11. 2012<\/p>\n<p>janinebeangallery<\/p>\n<p>hall 4 (DM Arena)<\/p>\n<p>booth: L 09<\/p>\n<div id='gallery-2' class='gallery galleryid-294 gallery-columns-3 gallery-size-thumbnail'><figure class='gallery-item'>\n\t\t\t<div class='gallery-icon landscape'>\n\t\t\t\t<a href='https:\/\/www.janinebeangallery.com\/en\/?attachment_id=836#main'><img loading=\"lazy\" decoding=\"async\" width=\"150\" height=\"150\" src=\"https:\/\/www.janinebeangallery.com\/en\/wp-content\/uploads\/2013\/01\/11-150x150.jpg\" class=\"attachment-thumbnail size-thumbnail\" alt=\"\" \/><\/a>\n\t\t\t<\/div><\/figure><figure class='gallery-item'>\n\t\t\t<div class='gallery-icon landscape'>\n\t\t\t\t<a href='https:\/\/www.janinebeangallery.com\/en\/?attachment_id=835#main'><img loading=\"lazy\" decoding=\"async\" width=\"150\" height=\"150\" src=\"https:\/\/www.janinebeangallery.com\/en\/wp-content\/uploads\/2013\/01\/10-150x150.jpg\" class=\"attachment-thumbnail size-thumbnail\" alt=\"\" \/><\/a>\n\t\t\t<\/div><\/figure><figure class='gallery-item'>\n\t\t\t<div class='gallery-icon landscape'>\n\t\t\t\t<a href='https:\/\/www.janinebeangallery.com\/en\/?attachment_id=834#main'><img loading=\"lazy\" decoding=\"async\" width=\"150\" height=\"150\" src=\"https:\/\/www.janinebeangallery.com\/en\/wp-content\/uploads\/2013\/01\/9-150x150.jpg\" class=\"attachment-thumbnail size-thumbnail\" alt=\"\" \/><\/a>\n\t\t\t<\/div><\/figure><figure class='gallery-item'>\n\t\t\t<div class='gallery-icon landscape'>\n\t\t\t\t<a href='https:\/\/www.janinebeangallery.com\/en\/?attachment_id=833#main'><img loading=\"lazy\" decoding=\"async\" width=\"150\" height=\"150\" src=\"https:\/\/www.janinebeangallery.com\/en\/wp-content\/uploads\/2013\/01\/8-150x150.jpg\" class=\"attachment-thumbnail size-thumbnail\" alt=\"\" \/><\/a>\n\t\t\t<\/div><\/figure><figure class='gallery-item'>\n\t\t\t<div class='gallery-icon landscape'>\n\t\t\t\t<a href='https:\/\/www.janinebeangallery.com\/en\/?attachment_id=832#main'><img loading=\"lazy\" decoding=\"async\" width=\"150\" height=\"150\" src=\"https:\/\/www.janinebeangallery.com\/en\/wp-content\/uploads\/2013\/01\/7-150x150.jpg\" class=\"attachment-thumbnail size-thumbnail\" alt=\"\" \/><\/a>\n\t\t\t<\/div><\/figure><figure class='gallery-item'>\n\t\t\t<div class='gallery-icon landscape'>\n\t\t\t\t<a href='https:\/\/www.janinebeangallery.com\/en\/?attachment_id=831#main'><img loading=\"lazy\" decoding=\"async\" width=\"150\" height=\"150\" src=\"https:\/\/www.janinebeangallery.com\/en\/wp-content\/uploads\/2013\/01\/6-150x150.jpg\" class=\"attachment-thumbnail size-thumbnail\" alt=\"\" \/><\/a>\n\t\t\t<\/div><\/figure><figure class='gallery-item'>\n\t\t\t<div class='gallery-icon landscape'>\n\t\t\t\t<a href='https:\/\/www.janinebeangallery.com\/en\/?attachment_id=830#main'><img loading=\"lazy\" decoding=\"async\" width=\"150\" height=\"150\" src=\"https:\/\/www.janinebeangallery.com\/en\/wp-content\/uploads\/2013\/01\/5-150x150.jpg\" class=\"attachment-thumbnail size-thumbnail\" alt=\"\" \/><\/a>\n\t\t\t<\/div><\/figure><figure class='gallery-item'>\n\t\t\t<div class='gallery-icon landscape'>\n\t\t\t\t<a href='https:\/\/www.janinebeangallery.com\/en\/?attachment_id=829#main'><img loading=\"lazy\" decoding=\"async\" width=\"150\" height=\"150\" src=\"https:\/\/www.janinebeangallery.com\/en\/wp-content\/uploads\/2013\/01\/4-150x150.jpg\" class=\"attachment-thumbnail size-thumbnail\" alt=\"\" \/><\/a>\n\t\t\t<\/div><\/figure><figure class='gallery-item'>\n\t\t\t<div class='gallery-icon landscape'>\n\t\t\t\t<a href='https:\/\/www.janinebeangallery.com\/en\/?attachment_id=828#main'><img loading=\"lazy\" decoding=\"async\" width=\"150\" height=\"150\" src=\"https:\/\/www.janinebeangallery.com\/en\/wp-content\/uploads\/2013\/01\/3-150x150.jpg\" class=\"attachment-thumbnail size-thumbnail\" alt=\"\" \/><\/a>\n\t\t\t<\/div><\/figure><figure class='gallery-item'>\n\t\t\t<div class='gallery-icon portrait'>\n\t\t\t\t<a href='https:\/\/www.janinebeangallery.com\/en\/?attachment_id=827#main'><img loading=\"lazy\" decoding=\"async\" width=\"150\" height=\"150\" src=\"https:\/\/www.janinebeangallery.com\/en\/wp-content\/uploads\/2013\/01\/2-150x150.jpg\" class=\"attachment-thumbnail size-thumbnail\" alt=\"\" \/><\/a>\n\t\t\t<\/div><\/figure><figure class='gallery-item'>\n\t\t\t<div class='gallery-icon landscape'>\n\t\t\t\t<a href='https:\/\/www.janinebeangallery.com\/en\/?attachment_id=826#main'><img loading=\"lazy\" decoding=\"async\" width=\"150\" height=\"150\" src=\"https:\/\/www.janinebeangallery.com\/en\/wp-content\/uploads\/2013\/01\/1-150x150.jpg\" class=\"attachment-thumbnail size-thumbnail\" alt=\"\" \/><\/a>\n\t\t\t<\/div><\/figure>\n\t\t<\/div>\n\n<p>&nbsp;<\/p>\n","protected":false},"excerpt":{"rendered":"<p>Scope Basel at KASERNE, Klybeckstrasse 1b, 4057 Basel, Switzerland Tanja Selzer, Anna Borowy, Donata Benker, Marco Reichert, Peter-Simon M\u00fchlh\u00e4u\u00dfer janinebeangallery, booth G05 exhibition catalog as PDF &nbsp; &nbsp; Tanja Selzer, Anna Borowy, Donata Benker, Marco Reichert, Peter-Simon M\u00fchlh\u00e4u\u00dfer auf der art Karlsruhe 2012 Art Karlsruhe Messeallee 1 76287 Rheinstetten March 8. &#8211; March 11. 2012 &#8230; <a title=\"art fairs 2012\" class=\"read-more\" href=\"https:\/\/www.janinebeangallery.com\/en\/?page_id=294\" aria-label=\"Read more about art fairs 2012\">Read more<\/a><\/p>\n","protected":false},"author":2,"featured_media":0,"parent":0,"menu_order":0,"comment_status":"closed","ping_status":"closed","template":"","meta":{"ngg_post_thumbnail":0,"footnotes":""},"class_list":["post-294","page","type-page","status-publish"],"yoast_head":"<!-- This site is optimized with the Yoast SEO plugin v28.4 - https:\/\/yoast.com\/product\/yoast-seo-wordpress\/ -->\n<title>art fairs 2012 - janinebeangallery<\/title>\n<meta name=\"robots\" content=\"index, follow, max-snippet:-1, max-image-preview:large, max-video-preview:-1\" \/>\n<link rel=\"canonical\" href=\"https:\/\/www.janinebeangallery.com\/en\/?page_id=294\" \/>\n<meta property=\"og:locale\" content=\"en_US\" \/>\n<meta property=\"og:type\" content=\"article\" \/>\n<meta property=\"og:title\" content=\"art fairs 2012 - janinebeangallery\" \/>\n<meta property=\"og:description\" content=\"Scope Basel at KASERNE, Klybeckstrasse 1b, 4057 Basel, Switzerland Tanja Selzer, Anna Borowy, Donata Benker, Marco Reichert, Peter-Simon M\u00fchlh\u00e4u\u00dfer janinebeangallery, booth G05 exhibition catalog as PDF &nbsp; &nbsp; Tanja Selzer, Anna Borowy, Donata Benker, Marco Reichert, Peter-Simon M\u00fchlh\u00e4u\u00dfer auf der art Karlsruhe 2012 Art Karlsruhe Messeallee 1 76287 Rheinstetten March 8. &#8211; March 11. 2012 ... Read more\" \/>\n<meta property=\"og:url\" content=\"https:\/\/www.janinebeangallery.com\/en\/?page_id=294\" \/>\n<meta property=\"og:site_name\" content=\"janinebeangallery\" \/>\n<meta property=\"article:modified_time\" content=\"2021-05-19T16:57:33+00:00\" \/>\n<meta property=\"og:image\" content=\"https:\/\/www.janinebeangallery.com\/en\/wp-content\/uploads\/2013\/01\/182810_3405889871151_1772450821_n-150x150.jpg\" \/>\n<meta name=\"twitter:card\" content=\"summary_large_image\" \/>\n<script type=\"application\/ld+json\" class=\"yoast-schema-graph\">{\"@context\":\"https:\\\/\\\/schema.org\",\"@graph\":[{\"@type\":\"WebPage\",\"@id\":\"https:\\\/\\\/www.janinebeangallery.com\\\/en\\\/?page_id=294\",\"url\":\"https:\\\/\\\/www.janinebeangallery.com\\\/en\\\/?page_id=294\",\"name\":\"art fairs 2012 - janinebeangallery\",\"isPartOf\":{\"@id\":\"https:\\\/\\\/www.janinebeangallery.com\\\/en\\\/#website\"},\"primaryImageOfPage\":{\"@id\":\"https:\\\/\\\/www.janinebeangallery.com\\\/en\\\/?page_id=294#primaryimage\"},\"image\":{\"@id\":\"https:\\\/\\\/www.janinebeangallery.com\\\/en\\\/?page_id=294#primaryimage\"},\"thumbnailUrl\":\"https:\\\/\\\/www.janinebeangallery.com\\\/en\\\/wp-content\\\/uploads\\\/2013\\\/01\\\/SCOPE-logo-292f8062a9bc21cfa2154e8ee625e318-300x129.png\",\"datePublished\":\"2013-01-05T11:28:13+00:00\",\"dateModified\":\"2021-05-19T16:57:33+00:00\",\"breadcrumb\":{\"@id\":\"https:\\\/\\\/www.janinebeangallery.com\\\/en\\\/?page_id=294#breadcrumb\"},\"inLanguage\":\"en-US\",\"potentialAction\":[{\"@type\":\"ReadAction\",\"target\":[\"https:\\\/\\\/www.janinebeangallery.com\\\/en\\\/?page_id=294\"]}]},{\"@type\":\"ImageObject\",\"inLanguage\":\"en-US\",\"@id\":\"https:\\\/\\\/www.janinebeangallery.com\\\/en\\\/?page_id=294#primaryimage\",\"url\":\"https:\\\/\\\/www.janinebeangallery.com\\\/en\\\/wp-content\\\/uploads\\\/2013\\\/01\\\/SCOPE-logo-292f8062a9bc21cfa2154e8ee625e318.png\",\"contentUrl\":\"https:\\\/\\\/www.janinebeangallery.com\\\/en\\\/wp-content\\\/uploads\\\/2013\\\/01\\\/SCOPE-logo-292f8062a9bc21cfa2154e8ee625e318.png\",\"width\":970,\"height\":420},{\"@type\":\"BreadcrumbList\",\"@id\":\"https:\\\/\\\/www.janinebeangallery.com\\\/en\\\/?page_id=294#breadcrumb\",\"itemListElement\":[{\"@type\":\"ListItem\",\"position\":1,\"name\":\"Home\",\"item\":\"https:\\\/\\\/www.janinebeangallery.com\\\/en\\\/\"},{\"@type\":\"ListItem\",\"position\":2,\"name\":\"art fairs 2012\"}]},{\"@type\":\"WebSite\",\"@id\":\"https:\\\/\\\/www.janinebeangallery.com\\\/en\\\/#website\",\"url\":\"https:\\\/\\\/www.janinebeangallery.com\\\/en\\\/\",\"name\":\"janinebeangallery\",\"description\":\"Contemporary Art Gallery in Berlin\",\"publisher\":{\"@id\":\"https:\\\/\\\/www.janinebeangallery.com\\\/en\\\/#organization\"},\"potentialAction\":[{\"@type\":\"SearchAction\",\"target\":{\"@type\":\"EntryPoint\",\"urlTemplate\":\"https:\\\/\\\/www.janinebeangallery.com\\\/en\\\/?s={search_term_string}\"},\"query-input\":{\"@type\":\"PropertyValueSpecification\",\"valueRequired\":true,\"valueName\":\"search_term_string\"}}],\"inLanguage\":\"en-US\"},{\"@type\":\"Organization\",\"@id\":\"https:\\\/\\\/www.janinebeangallery.com\\\/en\\\/#organization\",\"name\":\"janinebeangallery\",\"url\":\"https:\\\/\\\/www.janinebeangallery.com\\\/en\\\/\",\"logo\":{\"@type\":\"ImageObject\",\"inLanguage\":\"en-US\",\"@id\":\"https:\\\/\\\/www.janinebeangallery.com\\\/en\\\/#\\\/schema\\\/logo\\\/image\\\/\",\"url\":\"https:\\\/\\\/www.janinebeangallery.com\\\/en\\\/wp-content\\\/uploads\\\/2020\\\/09\\\/cropped-Logo_schwarz_groserer_hintergrund.jpg\",\"contentUrl\":\"https:\\\/\\\/www.janinebeangallery.com\\\/en\\\/wp-content\\\/uploads\\\/2020\\\/09\\\/cropped-Logo_schwarz_groserer_hintergrund.jpg\",\"width\":924,\"height\":1181,\"caption\":\"janinebeangallery\"},\"image\":{\"@id\":\"https:\\\/\\\/www.janinebeangallery.com\\\/en\\\/#\\\/schema\\\/logo\\\/image\\\/\"}}]}<\/script>\n<!-- \/ Yoast SEO plugin. -->","yoast_head_json":{"title":"art fairs 2012 - janinebeangallery","robots":{"index":"index","follow":"follow","max-snippet":"max-snippet:-1","max-image-preview":"max-image-preview:large","max-video-preview":"max-video-preview:-1"},"canonical":"https:\/\/www.janinebeangallery.com\/en\/?page_id=294","og_locale":"en_US","og_type":"article","og_title":"art fairs 2012 - janinebeangallery","og_description":"Scope Basel at KASERNE, Klybeckstrasse 1b, 4057 Basel, Switzerland Tanja Selzer, Anna Borowy, Donata Benker, Marco Reichert, Peter-Simon M\u00fchlh\u00e4u\u00dfer janinebeangallery, booth G05 exhibition catalog as PDF &nbsp; &nbsp; Tanja Selzer, Anna Borowy, Donata Benker, Marco Reichert, Peter-Simon M\u00fchlh\u00e4u\u00dfer auf der art Karlsruhe 2012 Art Karlsruhe Messeallee 1 76287 Rheinstetten March 8. &#8211; March 11. 2012 ... Read more","og_url":"https:\/\/www.janinebeangallery.com\/en\/?page_id=294","og_site_name":"janinebeangallery","article_modified_time":"2021-05-19T16:57:33+00:00","og_image":[{"url":"https:\/\/www.janinebeangallery.com\/en\/wp-content\/uploads\/2013\/01\/182810_3405889871151_1772450821_n-150x150.jpg","type":"","width":"","height":""}],"twitter_card":"summary_large_image","schema":{"@context":"https:\/\/schema.org","@graph":[{"@type":"WebPage","@id":"https:\/\/www.janinebeangallery.com\/en\/?page_id=294","url":"https:\/\/www.janinebeangallery.com\/en\/?page_id=294","name":"art fairs 2012 - janinebeangallery","isPartOf":{"@id":"https:\/\/www.janinebeangallery.com\/en\/#website"},"primaryImageOfPage":{"@id":"https:\/\/www.janinebeangallery.com\/en\/?page_id=294#primaryimage"},"image":{"@id":"https:\/\/www.janinebeangallery.com\/en\/?page_id=294#primaryimage"},"thumbnailUrl":"https:\/\/www.janinebeangallery.com\/en\/wp-content\/uploads\/2013\/01\/SCOPE-logo-292f8062a9bc21cfa2154e8ee625e318-300x129.png","datePublished":"2013-01-05T11:28:13+00:00","dateModified":"2021-05-19T16:57:33+00:00","breadcrumb":{"@id":"https:\/\/www.janinebeangallery.com\/en\/?page_id=294#breadcrumb"},"inLanguage":"en-US","potentialAction":[{"@type":"ReadAction","target":["https:\/\/www.janinebeangallery.com\/en\/?page_id=294"]}]},{"@type":"ImageObject","inLanguage":"en-US","@id":"https:\/\/www.janinebeangallery.com\/en\/?page_id=294#primaryimage","url":"https:\/\/www.janinebeangallery.com\/en\/wp-content\/uploads\/2013\/01\/SCOPE-logo-292f8062a9bc21cfa2154e8ee625e318.png","contentUrl":"https:\/\/www.janinebeangallery.com\/en\/wp-content\/uploads\/2013\/01\/SCOPE-logo-292f8062a9bc21cfa2154e8ee625e318.png","width":970,"height":420},{"@type":"BreadcrumbList","@id":"https:\/\/www.janinebeangallery.com\/en\/?page_id=294#breadcrumb","itemListElement":[{"@type":"ListItem","position":1,"name":"Home","item":"https:\/\/www.janinebeangallery.com\/en\/"},{"@type":"ListItem","position":2,"name":"art fairs 2012"}]},{"@type":"WebSite","@id":"https:\/\/www.janinebeangallery.com\/en\/#website","url":"https:\/\/www.janinebeangallery.com\/en\/","name":"janinebeangallery","description":"Contemporary Art Gallery in Berlin","publisher":{"@id":"https:\/\/www.janinebeangallery.com\/en\/#organization"},"potentialAction":[{"@type":"SearchAction","target":{"@type":"EntryPoint","urlTemplate":"https:\/\/www.janinebeangallery.com\/en\/?s={search_term_string}"},"query-input":{"@type":"PropertyValueSpecification","valueRequired":true,"valueName":"search_term_string"}}],"inLanguage":"en-US"},{"@type":"Organization","@id":"https:\/\/www.janinebeangallery.com\/en\/#organization","name":"janinebeangallery","url":"https:\/\/www.janinebeangallery.com\/en\/","logo":{"@type":"ImageObject","inLanguage":"en-US","@id":"https:\/\/www.janinebeangallery.com\/en\/#\/schema\/logo\/image\/","url":"https:\/\/www.janinebeangallery.com\/en\/wp-content\/uploads\/2020\/09\/cropped-Logo_schwarz_groserer_hintergrund.jpg","contentUrl":"https:\/\/www.janinebeangallery.com\/en\/wp-content\/uploads\/2020\/09\/cropped-Logo_schwarz_groserer_hintergrund.jpg","width":924,"height":1181,"caption":"janinebeangallery"},"image":{"@id":"https:\/\/www.janinebeangallery.com\/en\/#\/schema\/logo\/image\/"}}]}},"_links":{"self":[{"href":"https:\/\/www.janinebeangallery.com\/en\/index.php?rest_route=\/wp\/v2\/pages\/294","targetHints":{"allow":["GET"]}}],"collection":[{"href":"https:\/\/www.janinebeangallery.com\/en\/index.php?rest_route=\/wp\/v2\/pages"}],"about":[{"href":"https:\/\/www.janinebeangallery.com\/en\/index.php?rest_route=\/wp\/v2\/types\/page"}],"author":[{"embeddable":true,"href":"https:\/\/www.janinebeangallery.com\/en\/index.php?rest_route=\/wp\/v2\/users\/2"}],"replies":[{"embeddable":true,"href":"https:\/\/www.janinebeangallery.com\/en\/index.php?rest_route=%2Fwp%2Fv2%2Fcomments&post=294"}],"version-history":[{"count":19,"href":"https:\/\/www.janinebeangallery.com\/en\/index.php?rest_route=\/wp\/v2\/pages\/294\/revisions"}],"predecessor-version":[{"id":14034,"href":"https:\/\/www.janinebeangallery.com\/en\/index.php?rest_route=\/wp\/v2\/pages\/294\/revisions\/14034"}],"wp:attachment":[{"href":"https:\/\/www.janinebeangallery.com\/en\/index.php?rest_route=%2Fwp%2Fv2%2Fmedia&parent=294"}],"curies":[{"name":"wp","href":"https:\/\/api.w.org\/{rel}","templated":true}]}}