{"id":16296,"date":"2022-12-03T16:34:44","date_gmt":"2022-12-03T15:34:44","guid":{"rendered":"https:\/\/www.janinebeangallery.com\/en\/?page_id=16296"},"modified":"2025-03-04T16:37:38","modified_gmt":"2025-03-04T15:37:38","slug":"peter-doherty-in-the-press","status":"publish","type":"page","link":"https:\/\/www.janinebeangallery.com\/en\/?page_id=16296","title":{"rendered":"Peter Doherty | Press | selection"},"content":{"rendered":"<p><img loading=\"lazy\" decoding=\"async\" class=\"alignnone size-large wp-image-18775\" src=\"https:\/\/www.janinebeangallery.com\/en\/wp-content\/uploads\/2025\/03\/Monopol-Maerz-2025-378x500.jpg\" alt=\"\" width=\"378\" height=\"500\" srcset=\"https:\/\/www.janinebeangallery.com\/en\/wp-content\/uploads\/2025\/03\/Monopol-Maerz-2025-378x500.jpg 378w, https:\/\/www.janinebeangallery.com\/en\/wp-content\/uploads\/2025\/03\/Monopol-Maerz-2025-227x300.jpg 227w, https:\/\/www.janinebeangallery.com\/en\/wp-content\/uploads\/2025\/03\/Monopol-Maerz-2025-768x1016.jpg 768w, https:\/\/www.janinebeangallery.com\/en\/wp-content\/uploads\/2025\/03\/Monopol-Maerz-2025.jpg 968w\" sizes=\"auto, (max-width: 378px) 100vw, 378px\" \/>Peter Doherty Interview with Saskia Trebing Monopol 3\/2025<\/p>\n\n\n<p>&nbsp;<a href=\"https:\/\/news.artnet.com\/art-world\/pete-doherty-janine-bean-berlin-survey-2606556\" data-type=\"link\" data-id=\"https:\/\/news.artnet.com\/art-world\/pete-doherty-janine-bean-berlin-survey-2606556\">https:\/\/news.artnet.com\/art-world\/pete-doherty-janine-bean-berlin-survey-2606556<\/a><\/p>\n\n\n\n<p><a href=\" https:\/\/www.radioeins.de\/programm\/sendungen\/mofr1013\/_\/-felt-better-alive\u2014-peter-dohertys-neue-kunst.html\"> https:<\/a><a href=\"https:\/\/www.radioeins.de\/programm\/sendungen\/mofr1013\/_\/-felt-better-alive----peter-dohertys-neue-kunst.html\">\/\/www.radioeins.de\/programm\/sendungen\/mofr1013\/_\/-felt-better-alive\u2014-peter-dohertys-neue-kunst.html<\/a><\/p>\n\n\n\n<p><a href=\"https:\/\/janinebeangallery.com\/wp-content\/uploads\/2025\/02\/WELT_2025_02_20250210_ASV_WE_20250210_DWBE-HP_KULTUR.13174738.1.pdf\">https:\/\/janinebeangallery.com\/wp-content\/uploads\/2025\/02\/WELT_2025_02_20250210_ASV_WE_20250210_DWBE-HP_KULTUR.13174738.1.pdf<\/a><\/p>\n\n\n\n<figure class=\"wp-block-embed is-type-wp-embed is-provider-the-berliner wp-block-embed-the-berliner\"><div class=\"wp-block-embed__wrapper\">\n<blockquote class=\"wp-embedded-content\" data-secret=\"5T3ucJJwTQ\"><a href=\"https:\/\/www.the-berliner.com\/art\/pete-doherty-interview-felt-better-alive-berlin-janine-bean-gallery\/\">Pete Doherty: \u201cBefore the whole fucking world goes up in flames, enjoy a bit of culture\u201d<\/a><\/blockquote><iframe loading=\"lazy\" class=\"wp-embedded-content\" sandbox=\"allow-scripts\" security=\"restricted\" style=\"position: absolute; visibility: hidden;\" title=\"&#8220;Pete Doherty: \u201cBefore the whole fucking world goes up in flames, enjoy a bit of culture\u201d&#8221; &#8212; The Berliner\" src=\"https:\/\/www.the-berliner.com\/art\/pete-doherty-interview-felt-better-alive-berlin-janine-bean-gallery\/embed\/#?secret=QBH7t9KisI#?secret=5T3ucJJwTQ\" data-secret=\"5T3ucJJwTQ\" width=\"600\" height=\"338\" frameborder=\"0\" marginwidth=\"0\" marginheight=\"0\" scrolling=\"no\"><\/iframe>\n<\/div><\/figure>\n\n\n<div class=\"entry-content\">\n<figure aria-describedby=\"caption-attachment-23204\">\n<figure aria-describedby=\"caption-attachment-23204\">\n<h3><img loading=\"lazy\" decoding=\"async\" class=\"wp-image-18732 alignleft\" src=\"https:\/\/www.janinebeangallery.com\/en\/wp-content\/uploads\/2025\/02\/Peter-Doherty-Focus-500x500.png\" alt=\"\" width=\"252\" height=\"252\" srcset=\"https:\/\/www.janinebeangallery.com\/en\/wp-content\/uploads\/2025\/02\/Peter-Doherty-Focus-500x500.png 500w, https:\/\/www.janinebeangallery.com\/en\/wp-content\/uploads\/2025\/02\/Peter-Doherty-Focus-300x300.png 300w, https:\/\/www.janinebeangallery.com\/en\/wp-content\/uploads\/2025\/02\/Peter-Doherty-Focus-150x150.png 150w, https:\/\/www.janinebeangallery.com\/en\/wp-content\/uploads\/2025\/02\/Peter-Doherty-Focus-768x768.png 768w, https:\/\/www.janinebeangallery.com\/en\/wp-content\/uploads\/2025\/02\/Peter-Doherty-Focus.png 1080w\" sizes=\"auto, (max-width: 252px) 100vw, 252px\" \/><\/h3>\n<p><strong>article at Focus Magazin 8\/2025 by Sebastian Frenzel<\/strong><\/p>\n<\/figure>\n<\/figure>\n<\/div>\n<p><a href=\"https:\/\/janinebeangallery.com\/wp-content\/uploads\/2025\/02\/Tagesspiegel-vom-13.02.2025-Treffen-sich-Pete-Doherty-und-Yoko-Ono-in-Berlin\u2026von-Ingolf-Patz.pdf.pdf\">Tagesspiegel February&nbsp; 13. 2025 Pete Doherty and Yoko Ono in Berlin\u2026by Ingolf Patz.pdf<\/a><\/p>\n<p>&nbsp;<\/p>\n<p>&nbsp;<\/p>\n<p><img loading=\"lazy\" decoding=\"async\" class=\"alignnone size-large wp-image-18737\" src=\"https:\/\/www.janinebeangallery.com\/en\/wp-content\/uploads\/2025\/02\/IMG_5678-326x500.jpg\" alt=\"\" width=\"326\" height=\"500\" srcset=\"https:\/\/www.janinebeangallery.com\/en\/wp-content\/uploads\/2025\/02\/IMG_5678-326x500.jpg 326w, https:\/\/www.janinebeangallery.com\/en\/wp-content\/uploads\/2025\/02\/IMG_5678-195x300.jpg 195w, https:\/\/www.janinebeangallery.com\/en\/wp-content\/uploads\/2025\/02\/IMG_5678-768x1180.jpg 768w, https:\/\/www.janinebeangallery.com\/en\/wp-content\/uploads\/2025\/02\/IMG_5678-1000x1536.jpg 1000w, https:\/\/www.janinebeangallery.com\/en\/wp-content\/uploads\/2025\/02\/IMG_5678.jpg 1179w\" sizes=\"auto, (max-width: 326px) 100vw, 326px\" \/>&nbsp;<\/p>\n<p>&nbsp;<\/p>\n<div class=\"entry-content\">\n<figure aria-describedby=\"caption-attachment-23204\">\n<figure aria-describedby=\"caption-attachment-23204\">\n<h3><a href=\"https:\/\/janinebeangallery.com\/wp-content\/uploads\/2025\/02\/WELT_2025_02_20250210_ASV_WE_20250210_DWBE-HP_KULTUR.13174738.1.pdf\"><img loading=\"lazy\" decoding=\"async\" class=\"alignnone wp-image-18738 size-large\" src=\"https:\/\/www.janinebeangallery.com\/en\/wp-content\/uploads\/2025\/02\/IMG_8733-500x500.jpg\" alt=\"\" width=\"500\" height=\"500\" srcset=\"https:\/\/www.janinebeangallery.com\/en\/wp-content\/uploads\/2025\/02\/IMG_8733-500x500.jpg 500w, https:\/\/www.janinebeangallery.com\/en\/wp-content\/uploads\/2025\/02\/IMG_8733-300x300.jpg 300w, https:\/\/www.janinebeangallery.com\/en\/wp-content\/uploads\/2025\/02\/IMG_8733-150x150.jpg 150w, https:\/\/www.janinebeangallery.com\/en\/wp-content\/uploads\/2025\/02\/IMG_8733-768x767.jpg 768w, https:\/\/www.janinebeangallery.com\/en\/wp-content\/uploads\/2025\/02\/IMG_8733-1536x1533.jpg 1536w, https:\/\/www.janinebeangallery.com\/en\/wp-content\/uploads\/2025\/02\/IMG_8733.jpg 1716w\" sizes=\"auto, (max-width: 500px) 100vw, 500px\" \/><\/a><\/h3>\n<h3>&nbsp;<\/h3>\n<h3>&nbsp;<\/h3>\n<h3><img loading=\"lazy\" decoding=\"async\" class=\"alignnone wp-image-17216 size-large\" src=\"https:\/\/www.janinebeangallery.com\/en\/wp-content\/uploads\/2023\/11\/IMG_5978-500x329.jpg\" alt=\"\" width=\"500\" height=\"329\" srcset=\"https:\/\/www.janinebeangallery.com\/en\/wp-content\/uploads\/2023\/11\/IMG_5978-500x329.jpg 500w, https:\/\/www.janinebeangallery.com\/en\/wp-content\/uploads\/2023\/11\/IMG_5978-300x198.jpg 300w, https:\/\/www.janinebeangallery.com\/en\/wp-content\/uploads\/2023\/11\/IMG_5978-768x506.jpg 768w, https:\/\/www.janinebeangallery.com\/en\/wp-content\/uploads\/2023\/11\/IMG_5978.jpg 1042w\" sizes=\"auto, (max-width: 500px) 100vw, 500px\" \/><\/h3>\n<h3>Peter Doherty \u201eBeyond Fame\u201c at NRW Forum Dusseldorf, Germany (selection)<\/h3>\n<\/figure>\n<\/figure>\n<p>Esquire Magazine 3\/ 2023,&nbsp; Hatice Aky\u00fcn and Daniel Schieferdecker<\/p>\n<p><img loading=\"lazy\" decoding=\"async\" class=\"alignnone size-medium wp-image-17175\" src=\"https:\/\/www.janinebeangallery.com\/en\/wp-content\/uploads\/2023\/11\/B5F03568-7DBE-4A09-8B3B-C254484B1C72-768x960-1-240x300.jpg\" alt=\"\" width=\"240\" height=\"300\" srcset=\"https:\/\/www.janinebeangallery.com\/en\/wp-content\/uploads\/2023\/11\/B5F03568-7DBE-4A09-8B3B-C254484B1C72-768x960-1-240x300.jpg 240w, https:\/\/www.janinebeangallery.com\/en\/wp-content\/uploads\/2023\/11\/B5F03568-7DBE-4A09-8B3B-C254484B1C72-768x960-1-400x500.jpg 400w, https:\/\/www.janinebeangallery.com\/en\/wp-content\/uploads\/2023\/11\/B5F03568-7DBE-4A09-8B3B-C254484B1C72-768x960-1.jpg 768w\" sizes=\"auto, (max-width: 240px) 100vw, 240px\" \/><img loading=\"lazy\" decoding=\"async\" class=\"alignnone size-medium wp-image-17174\" src=\"https:\/\/www.janinebeangallery.com\/en\/wp-content\/uploads\/2023\/11\/697F0A25-D799-4E99-92E0-AE0E7893C624-768x960-1-240x300.jpg\" alt=\"\" width=\"240\" height=\"300\" srcset=\"https:\/\/www.janinebeangallery.com\/en\/wp-content\/uploads\/2023\/11\/697F0A25-D799-4E99-92E0-AE0E7893C624-768x960-1-240x300.jpg 240w, https:\/\/www.janinebeangallery.com\/en\/wp-content\/uploads\/2023\/11\/697F0A25-D799-4E99-92E0-AE0E7893C624-768x960-1-400x500.jpg 400w, https:\/\/www.janinebeangallery.com\/en\/wp-content\/uploads\/2023\/11\/697F0A25-D799-4E99-92E0-AE0E7893C624-768x960-1.jpg 768w\" sizes=\"auto, (max-width: 240px) 100vw, 240px\" \/><\/p>\n<p>Interview with Peter Doherty&nbsp; by Hannah Scheiwe: \u201eDu musst mit dem Heroin und Crack aufh\u00f6ren, bevor wir ein Kind bekommen\u201d<br \/><strong><a href=\"https:\/\/www.rnd.de\/promis\/pete-doherty-im-interview-du-musst-mit-dem-heroin-und-crack-aufhoeren-bevor-wir-ein-kind-bekommen-2NG6Q4Y5GJGLZMNBPWHNBIKOWE.html?outputType=valid_amp&amp;fbclid=IwAR0IP_PNDbMgyHMZvn2yhgYCo9-z5qKtEUPte9Kn3Af4G1s2AKAMZQGL0Kg\"><img class=\"size-medium wp-image-23011 alignleft\"><strong>Link <\/strong><\/a><\/strong><\/p>\n<p><img loading=\"lazy\" decoding=\"async\" class=\"alignnone wp-image-17179 size-large\" src=\"https:\/\/www.janinebeangallery.com\/en\/wp-content\/uploads\/2023\/11\/HEDI_SLIMANE_PETE_DOHERTY_01-768x432-1-500x281.webp\" alt=\"\" width=\"500\" height=\"281\" srcset=\"https:\/\/www.janinebeangallery.com\/en\/wp-content\/uploads\/2023\/11\/HEDI_SLIMANE_PETE_DOHERTY_01-768x432-1-500x281.webp 500w, https:\/\/www.janinebeangallery.com\/en\/wp-content\/uploads\/2023\/11\/HEDI_SLIMANE_PETE_DOHERTY_01-768x432-1-300x169.webp 300w, https:\/\/www.janinebeangallery.com\/en\/wp-content\/uploads\/2023\/11\/HEDI_SLIMANE_PETE_DOHERTY_01-768x432-1.webp 768w\" sizes=\"auto, (max-width: 500px) 100vw, 500px\" \/><\/p>\n<h4 id=\"section-heading\" class=\"c-heading larva  a-font-primary-regular-xl\">The Variety: Peter Doherty and Katia deVidas on Making Doc \u2018Stranger in My Own Skin\u2019 About the \u2018Terror and Danger\u2019 of Drug Addiction \u2014 and Falling in Love in the Process by Elise Shafer: https:\/\/variety.com\/2023\/music\/global\/peter-doherty-documentary-stranger-in-my-own-skin-drug-addiction-katia-devidas-1235741189\/<\/h4>\n<p><img loading=\"lazy\" decoding=\"async\" class=\"alignnone size-large wp-image-18153\" src=\"https:\/\/www.janinebeangallery.com\/en\/wp-content\/uploads\/2024\/07\/IMG_5973-486x500.jpg\" alt=\"\" width=\"486\" height=\"500\" srcset=\"https:\/\/www.janinebeangallery.com\/en\/wp-content\/uploads\/2024\/07\/IMG_5973-486x500.jpg 486w, https:\/\/www.janinebeangallery.com\/en\/wp-content\/uploads\/2024\/07\/IMG_5973-292x300.jpg 292w, https:\/\/www.janinebeangallery.com\/en\/wp-content\/uploads\/2024\/07\/IMG_5973-768x790.jpg 768w, https:\/\/www.janinebeangallery.com\/en\/wp-content\/uploads\/2024\/07\/IMG_5973.jpg 1447w\" sizes=\"auto, (max-width: 486px) 100vw, 486px\" \/><\/p>\n<h3>S\u00fcddeutsche Zeitung (Germany) November 14th 2023<\/h3>\n<h3><a href=\"https:\/\/janinebeangallery.com\/wp-content\/uploads\/2023\/11\/Peter-Doherty-Stranger-in-My-Own-Skin-im-Kino-\u2013-Der-Entzug-Kultur.pdf\">Peter Doherty &#8211; Stranger in My Own Skin im Kino \u2013 Der Entzug Kultur <\/a><\/h3>\n<p>Die Zeit (Germany) &#8220;Stranger in my own skin&#8221;<\/p>\n<p>https:\/\/www.zeit.de\/news\/2023-11\/13\/doku-ueber-rocksaenger-pete-doherty<\/p>\n<h3>In a global exclusive interview with ES Magazine, Peter Doherty talks drug addiction, Russell Brand, murder allegations \u2013 and cheese by Lisa Wright: https:\/\/www.standard.co.uk\/esmagazine\/peter-doherty-interview-london-stranger-in-my-own-skin-b1111015.html<\/h3>\n<h3><strong>ttt Magazine (Germany)<\/strong>: Beyond Fame.Die Kunst der Stars<\/h3>\n<p>Andreas Rentz \/ Getty Images Europe<\/p>\n<p><a href=\"https:\/\/magazin.nzz.ch\/nzz-am-sonntag\/kultur\/jetzt-inhaliert-er-nur-noch-liebe-ld.1758098?reduced=true\">LINK zum Interview im NZZ Magazin zur Dokumentation &#8220;I&#8217;m a stranger in my own Skin&#8221;<\/a><\/p>\n<\/div>\n<div class=\"entry-content\">\n<p>TONIGHT News: &#8220;&#8230;Ganz anders sieht es da bei Pete Doherty aus. Der oftmals als Skandal-Rocker bezeichnete Musiker und Lyriker spiegelt sein bewegtes, unstetes Leben mit brutaler Offenheit in seiner Kunst wider: da ist viel eigenes Blut, Fixerbesteck und Alufolie in seinen Collagen, Tod und Verfall sind stete Leitmotive. Das ist drastisch, aber eben auch echt.&#8221; by Dominik Sliskovic<\/p>\n<p>Interview with Peter Doherty by Hannah Scheiwe: \u201eDu musst mit dem Heroin und Crack aufh\u00f6ren, bevor wir ein Kind bekommen\u201d&#8221;<br \/><strong><a href=\"https:\/\/www.rnd.de\/promis\/pete-doherty-im-interview-du-musst-mit-dem-heroin-und-crack-aufhoeren-bevor-wir-ein-kind-bekommen-2NG6Q4Y5GJGLZMNBPWHNBIKOWE.html?outputType=valid_amp&amp;fbclid=IwAR0IP_PNDbMgyHMZvn2yhgYCo9-z5qKtEUPte9Kn3Af4G1s2AKAMZQGL0Kg\"><img class=\"size-medium wp-image-23011 alignleft\">Link (German)<\/a><\/strong><\/p>\n<p>&nbsp;<\/p>\n<p><strong>ttt Magazin<\/strong>, Bericht: Beyond Fame.Die Kunst der Stars<\/p>\n<p><iframe loading=\"lazy\" src=\"https:\/\/www.daserste.de\/information\/wissen-kultur\/ttt\/videos\/ttt-20082023-ausstellung-beyond-fame-video-100.html\" width=\"853\" height=\"480\" frameborder=\"0\" allowfullscreen=\"allowfullscreen\"><\/iframe><\/p>\n<p>&nbsp;<\/p>\n<p>&nbsp;<\/p>\n<p><img loading=\"lazy\" decoding=\"async\" class=\"alignnone size-large wp-image-17182\" src=\"https:\/\/www.janinebeangallery.com\/en\/wp-content\/uploads\/2023\/11\/Monochrom-mit-Gelb-Bilder-Allgemein-Angebot-3-354x500.png\" alt=\"\" width=\"354\" height=\"500\" srcset=\"https:\/\/www.janinebeangallery.com\/en\/wp-content\/uploads\/2023\/11\/Monochrom-mit-Gelb-Bilder-Allgemein-Angebot-3-354x500.png 354w, https:\/\/www.janinebeangallery.com\/en\/wp-content\/uploads\/2023\/11\/Monochrom-mit-Gelb-Bilder-Allgemein-Angebot-3-212x300.png 212w, https:\/\/www.janinebeangallery.com\/en\/wp-content\/uploads\/2023\/11\/Monochrom-mit-Gelb-Bilder-Allgemein-Angebot-3-768x1086.png 768w, https:\/\/www.janinebeangallery.com\/en\/wp-content\/uploads\/2023\/11\/Monochrom-mit-Gelb-Bilder-Allgemein-Angebot-3-1086x1536.png 1086w, https:\/\/www.janinebeangallery.com\/en\/wp-content\/uploads\/2023\/11\/Monochrom-mit-Gelb-Bilder-Allgemein-Angebot-3.png 1414w\" sizes=\"auto, (max-width: 354px) 100vw, 354px\" \/><\/p>\n<\/div>\n<p><img loading=\"lazy\" decoding=\"async\" class=\"alignnone size-large wp-image-17181\" src=\"https:\/\/www.janinebeangallery.com\/en\/wp-content\/uploads\/2023\/11\/Monochrom-mit-Gelb-Bilder-Allgemein-Angebot-2-354x500.png\" alt=\"\" width=\"354\" height=\"500\" srcset=\"https:\/\/www.janinebeangallery.com\/en\/wp-content\/uploads\/2023\/11\/Monochrom-mit-Gelb-Bilder-Allgemein-Angebot-2-354x500.png 354w, https:\/\/www.janinebeangallery.com\/en\/wp-content\/uploads\/2023\/11\/Monochrom-mit-Gelb-Bilder-Allgemein-Angebot-2-212x300.png 212w, https:\/\/www.janinebeangallery.com\/en\/wp-content\/uploads\/2023\/11\/Monochrom-mit-Gelb-Bilder-Allgemein-Angebot-2-768x1086.png 768w, https:\/\/www.janinebeangallery.com\/en\/wp-content\/uploads\/2023\/11\/Monochrom-mit-Gelb-Bilder-Allgemein-Angebot-2-1086x1536.png 1086w, https:\/\/www.janinebeangallery.com\/en\/wp-content\/uploads\/2023\/11\/Monochrom-mit-Gelb-Bilder-Allgemein-Angebot-2.png 1414w\" sizes=\"auto, (max-width: 354px) 100vw, 354px\" \/><\/p>\n<p><img loading=\"lazy\" decoding=\"async\" class=\"alignnone size-large wp-image-17183\" src=\"https:\/\/www.janinebeangallery.com\/en\/wp-content\/uploads\/2023\/11\/Monochrom-mit-Gelb-Bilder-Allgemein-Angebot-5-354x500.png\" alt=\"\" width=\"354\" height=\"500\" srcset=\"https:\/\/www.janinebeangallery.com\/en\/wp-content\/uploads\/2023\/11\/Monochrom-mit-Gelb-Bilder-Allgemein-Angebot-5-354x500.png 354w, https:\/\/www.janinebeangallery.com\/en\/wp-content\/uploads\/2023\/11\/Monochrom-mit-Gelb-Bilder-Allgemein-Angebot-5-212x300.png 212w, https:\/\/www.janinebeangallery.com\/en\/wp-content\/uploads\/2023\/11\/Monochrom-mit-Gelb-Bilder-Allgemein-Angebot-5-768x1086.png 768w, https:\/\/www.janinebeangallery.com\/en\/wp-content\/uploads\/2023\/11\/Monochrom-mit-Gelb-Bilder-Allgemein-Angebot-5-1086x1536.png 1086w, https:\/\/www.janinebeangallery.com\/en\/wp-content\/uploads\/2023\/11\/Monochrom-mit-Gelb-Bilder-Allgemein-Angebot-5.png 1414w\" sizes=\"auto, (max-width: 354px) 100vw, 354px\" \/><\/p>\n<div class=\"entry-content\">\n<p>&nbsp;<\/p>\n<figure aria-describedby=\"caption-attachment-23204\">\n<h3>Peter Doherty \u201eContain yourself (seriously)\u201c at janinebeangallery 2022 (selection)<\/h3>\n<\/figure>\n<figure id=\"attachment_23204\" class=\"wp-caption alignnone\" aria-describedby=\"caption-attachment-23204\"><a href=\"https:\/\/www.vice.com\/en\/article\/5d3qnd\/pete-doherty-art-exhibition-review\"><img loading=\"lazy\" decoding=\"async\" class=\"alignnone wp-image-23204 size-full\" src=\"https:\/\/janinebeangallery.com\/wp-content\/uploads\/2022\/11\/1667926634103-pete-kunst.webp\" sizes=\"auto, (max-width: 1800px) 100vw, 1800px\" srcset=\"https:\/\/janinebeangallery.com\/wp-content\/uploads\/2022\/11\/1667926634103-pete-kunst.webp 1800w, https:\/\/janinebeangallery.com\/wp-content\/uploads\/2022\/11\/1667926634103-pete-kunst-300x169.webp 300w, https:\/\/janinebeangallery.com\/wp-content\/uploads\/2022\/11\/1667926634103-pete-kunst-768x432.webp 768w, https:\/\/janinebeangallery.com\/wp-content\/uploads\/2022\/11\/1667926634103-pete-kunst-1536x864.webp 1536w\" alt=\"\" width=\"1800\" height=\"1012\"><\/a><figcaption id=\"caption-attachment-23204\" class=\"wp-caption-text\">Peter Doherty | Vice Magazin November 30th by Alexandra Theiss&nbsp; || Collage: Philipp Sipos<\/figcaption><\/figure>\n<p><img loading=\"lazy\" decoding=\"async\" class=\"size-medium wp-image-16335 alignleft\" src=\"https:\/\/www.janinebeangallery.com\/en\/wp-content\/uploads\/2022\/12\/PETER-DOHERTY-SEPTEMBER-_-OCTOBER-IN-THE-PRESS-6-212x300.jpg\" alt=\"\" width=\"212\" height=\"300\" srcset=\"https:\/\/www.janinebeangallery.com\/en\/wp-content\/uploads\/2022\/12\/PETER-DOHERTY-SEPTEMBER-_-OCTOBER-IN-THE-PRESS-6-212x300.jpg 212w, https:\/\/www.janinebeangallery.com\/en\/wp-content\/uploads\/2022\/12\/PETER-DOHERTY-SEPTEMBER-_-OCTOBER-IN-THE-PRESS-6-353x500.jpg 353w, https:\/\/www.janinebeangallery.com\/en\/wp-content\/uploads\/2022\/12\/PETER-DOHERTY-SEPTEMBER-_-OCTOBER-IN-THE-PRESS-6-768x1087.jpg 768w, https:\/\/www.janinebeangallery.com\/en\/wp-content\/uploads\/2022\/12\/PETER-DOHERTY-SEPTEMBER-_-OCTOBER-IN-THE-PRESS-6-1085x1536.jpg 1085w, https:\/\/www.janinebeangallery.com\/en\/wp-content\/uploads\/2022\/12\/PETER-DOHERTY-SEPTEMBER-_-OCTOBER-IN-THE-PRESS-6-1447x2048.jpg 1447w, https:\/\/www.janinebeangallery.com\/en\/wp-content\/uploads\/2022\/12\/PETER-DOHERTY-SEPTEMBER-_-OCTOBER-IN-THE-PRESS-6-scaled.jpg 1809w\" sizes=\"auto, (max-width: 212px) 100vw, 212px\" \/>SPIEGEL Magazine Nr 37&nbsp; <strong>10.9.2022:<\/strong> Peter Doherty&nbsp; Interview by Phillip Oehmke<\/p>\n<p><a href=\"https:\/\/www.spiegel.de\/kultur\/musiker-pete-doherty-solange-ich-so-dick-bin-sind-alle-beruhigt-es-gibt-keine-dicken-junkies-a-4b76ff2a-0b20-4963-8272-9e9006812d69\">https:\/\/www.spiegel.de\/kultur\/musiker-pete-doherty-solange-ich-so-dick-bin-sind-alle-beruhigt-es-gibt-keine-dicken-junkies-a-4b76ff2a-0b20-4963-8272-9e9006812d69<\/a><\/p>\n<p>&nbsp;<\/p>\n<p>&nbsp;<\/p>\n<p>&nbsp;<\/p>\n<p>&nbsp;<\/p>\n<p>&nbsp;<\/p>\n<p>&nbsp;<\/p>\n<p>&nbsp;<\/p>\n<p><img loading=\"lazy\" decoding=\"async\" class=\"size-medium wp-image-16332 alignleft\" src=\"https:\/\/www.janinebeangallery.com\/en\/wp-content\/uploads\/2022\/12\/PETER-DOHERTY-SEPTEMBER-_-OCTOBER-IN-THE-PRESS-2-212x300.jpg\" alt=\"\" width=\"212\" height=\"300\" srcset=\"https:\/\/www.janinebeangallery.com\/en\/wp-content\/uploads\/2022\/12\/PETER-DOHERTY-SEPTEMBER-_-OCTOBER-IN-THE-PRESS-2-212x300.jpg 212w, https:\/\/www.janinebeangallery.com\/en\/wp-content\/uploads\/2022\/12\/PETER-DOHERTY-SEPTEMBER-_-OCTOBER-IN-THE-PRESS-2-354x500.jpg 354w, https:\/\/www.janinebeangallery.com\/en\/wp-content\/uploads\/2022\/12\/PETER-DOHERTY-SEPTEMBER-_-OCTOBER-IN-THE-PRESS-2-768x1086.jpg 768w, https:\/\/www.janinebeangallery.com\/en\/wp-content\/uploads\/2022\/12\/PETER-DOHERTY-SEPTEMBER-_-OCTOBER-IN-THE-PRESS-2-1086x1536.jpg 1086w, https:\/\/www.janinebeangallery.com\/en\/wp-content\/uploads\/2022\/12\/PETER-DOHERTY-SEPTEMBER-_-OCTOBER-IN-THE-PRESS-2-1448x2048.jpg 1448w, https:\/\/www.janinebeangallery.com\/en\/wp-content\/uploads\/2022\/12\/PETER-DOHERTY-SEPTEMBER-_-OCTOBER-IN-THE-PRESS-2-scaled.jpg 1810w\" sizes=\"auto, (max-width: 212px) 100vw, 212px\" \/>ttt Kulturmagazin 4.9.2022 by Norbert Kron<\/p>\n<p>&nbsp;<\/p>\n<p>&nbsp;<\/p>\n<p>&nbsp;<\/p>\n<p>&nbsp;<\/p>\n<p>&nbsp;<\/p>\n<p>&nbsp;<\/p>\n<p>&nbsp;<\/p>\n<p>&nbsp;<\/p>\n<p>&nbsp;<\/p>\n<p><a href=\"https:\/\/www.nzz.ch\/feuilleton\/pete-doherty-macht-jetzt-auch-kunst-und-stellt-in-berlin-aus-ld.1703618\"><img loading=\"lazy\" decoding=\"async\" class=\"size-medium wp-image-16340 alignleft\" src=\"https:\/\/www.janinebeangallery.com\/en\/wp-content\/uploads\/2022\/12\/PETER-DOHERTY-SEPTEMBER-_-OCTOBER-IN-THE-PRESS-18-212x300.jpg\" alt=\"\" width=\"212\" height=\"300\" srcset=\"https:\/\/www.janinebeangallery.com\/en\/wp-content\/uploads\/2022\/12\/PETER-DOHERTY-SEPTEMBER-_-OCTOBER-IN-THE-PRESS-18-212x300.jpg 212w, https:\/\/www.janinebeangallery.com\/en\/wp-content\/uploads\/2022\/12\/PETER-DOHERTY-SEPTEMBER-_-OCTOBER-IN-THE-PRESS-18-354x500.jpg 354w, https:\/\/www.janinebeangallery.com\/en\/wp-content\/uploads\/2022\/12\/PETER-DOHERTY-SEPTEMBER-_-OCTOBER-IN-THE-PRESS-18-768x1086.jpg 768w, https:\/\/www.janinebeangallery.com\/en\/wp-content\/uploads\/2022\/12\/PETER-DOHERTY-SEPTEMBER-_-OCTOBER-IN-THE-PRESS-18-1086x1536.jpg 1086w, https:\/\/www.janinebeangallery.com\/en\/wp-content\/uploads\/2022\/12\/PETER-DOHERTY-SEPTEMBER-_-OCTOBER-IN-THE-PRESS-18-1448x2048.jpg 1448w, https:\/\/www.janinebeangallery.com\/en\/wp-content\/uploads\/2022\/12\/PETER-DOHERTY-SEPTEMBER-_-OCTOBER-IN-THE-PRESS-18-scaled.jpg 1810w\" sizes=\"auto, (max-width: 212px) 100vw, 212px\" \/><\/a>Neue Z\u00fcricher Zeitung&nbsp; 22.9.2022 Bericht by <span class=\"metainfo__item metainfo__item--author\">Paul Jandl<\/span>:<\/p>\n<p>&nbsp;<\/p>\n<h3>&nbsp;<\/h3>\n<p>&nbsp;<\/p>\n<p>&nbsp;<\/p>\n<p>&nbsp;<\/p>\n<p>&nbsp;<\/p>\n<p>&nbsp;<\/p>\n<p>&nbsp;<\/p>\n<p>&nbsp;<\/p>\n<p class=\"roofLine\">Wissen \u2013 Denken \u2013 Meinen \u2013 Der \u201eneue\u201c Peter Doherty<\/p>\n<p class=\"shortText\"><a href=\"https:\/\/www.radioeins.de\/programm\/sendungen\/modo1619\/wissen_denken_meinen\/gerrit-bartels.html\">Dieser Tage ist ein Popstar in aller Munde, von dem man sich wundert, dass er \u00fcberhaupt noch in aller Munde sein kann und nach vielen, vielen Drogenexzessen noch lebt: Peter Doherty, britischer Musiker, S\u00e4nger der Libertines und der Babyshambles. Das k\u00f6nnte daran liegen, dass Doherty jetzt Kunst macht und seine Kunstwerke p\u00fcnktlich zur Art Week auch in Berlin zu sehen ist.<\/a><\/p>\n<p>&nbsp;<\/p>\n<div class=\"Pbv Ap\">\n<h1 class=\"Pb4\"><span class=\"Pb5\"><img loading=\"lazy\" decoding=\"async\" class=\"size-medium wp-image-16336 alignleft\" src=\"https:\/\/www.janinebeangallery.com\/en\/wp-content\/uploads\/2022\/12\/PETER-DOHERTY-SEPTEMBER-_-OCTOBER-IN-THE-PRESS-7-212x300.jpg\" alt=\"\" width=\"212\" height=\"300\" srcset=\"https:\/\/www.janinebeangallery.com\/en\/wp-content\/uploads\/2022\/12\/PETER-DOHERTY-SEPTEMBER-_-OCTOBER-IN-THE-PRESS-7-212x300.jpg 212w, https:\/\/www.janinebeangallery.com\/en\/wp-content\/uploads\/2022\/12\/PETER-DOHERTY-SEPTEMBER-_-OCTOBER-IN-THE-PRESS-7-354x500.jpg 354w, https:\/\/www.janinebeangallery.com\/en\/wp-content\/uploads\/2022\/12\/PETER-DOHERTY-SEPTEMBER-_-OCTOBER-IN-THE-PRESS-7-768x1086.jpg 768w, https:\/\/www.janinebeangallery.com\/en\/wp-content\/uploads\/2022\/12\/PETER-DOHERTY-SEPTEMBER-_-OCTOBER-IN-THE-PRESS-7-1086x1536.jpg 1086w, https:\/\/www.janinebeangallery.com\/en\/wp-content\/uploads\/2022\/12\/PETER-DOHERTY-SEPTEMBER-_-OCTOBER-IN-THE-PRESS-7-1448x2048.jpg 1448w, https:\/\/www.janinebeangallery.com\/en\/wp-content\/uploads\/2022\/12\/PETER-DOHERTY-SEPTEMBER-_-OCTOBER-IN-THE-PRESS-7-scaled.jpg 1810w\" sizes=\"auto, (max-width: 212px) 100vw, 212px\" \/>Interview mit Peter Doherty<\/span><span class=\"visually-hidden\">:<\/span> <span class=\"Pb6\">\u201eMein Leben war verdammt toxisch\u201c<\/span><\/h1>\n<\/div>\n<p class=\"As\">Der Libertines-S\u00e4nger hat den Rock\u2019n\u2019Roll \u00fcberlebt, jetzt stellt er in Berlin seine Kunst aus. Ein Gespr\u00e4ch \u00fcber Leinw\u00e4nde voller Blut, kreatives Arbeiten, Kate Moss und Amy Winehouse.<\/p>\n<div class=\"Lbg Lbj Ar\">\n<div class=\"Lbi\">\n<div>Von <span class=\"BPjz\"> Norbert Kron<\/span><\/div>\n<p class=\"Obt\"><time datetime=\"2022-09-14T08:49:00.000Z\">14.09.2022, 10:49&nbsp;Uhr<\/time><\/p>\n<\/div>\n<\/div>\n<p><a href=\"https:\/\/www.tagesspiegel.de\/kultur\/interview-mit-peter-doherty-mein-leben-war-verdammt-toxisch-8640037.html\">https:\/\/www.tagesspiegel.de\/kultur\/interview-mit-peter-doherty-mein-leben-war-verdammt-toxisch-8640037.html<\/a><\/p>\n<p>&nbsp;<\/p>\n<p>&nbsp;<\/p>\n<p>&nbsp;<\/p>\n<p>&nbsp;<\/p>\n<p>RBB Peter Doherty in einem Interview von Christian Titze (RBB Abendschau)<\/p>\n<p><a href=\"https:\/\/www.rbb24.de\/kultur\/beitrag\/2022\/09\/berlin-galerie-janine-bean-peter-doherty-retrospektive-interview.html\">https:\/\/www.rbb24.de\/kultur\/beitrag\/2022\/09\/berlin-galerie-janine-bean-peter-doherty-retrospektive-interview.html<\/a><\/p>\n<p><strong><a href=\"https:\/\/www.rbb-online.de\/rbbkultur-magazin\/archiv\/20220910_1830\/doherty-pete-ausstellung-contain-yourself-janine-bean-gallery.html?utm_source=pocket_mylist\"><img loading=\"lazy\" decoding=\"async\" class=\"size-medium wp-image-16338 alignleft\" src=\"https:\/\/www.janinebeangallery.com\/en\/wp-content\/uploads\/2022\/12\/PETER-DOHERTY-SEPTEMBER-_-OCTOBER-IN-THE-PRESS-11-212x300.jpg\" alt=\"\" width=\"212\" height=\"300\" srcset=\"https:\/\/www.janinebeangallery.com\/en\/wp-content\/uploads\/2022\/12\/PETER-DOHERTY-SEPTEMBER-_-OCTOBER-IN-THE-PRESS-11-212x300.jpg 212w, https:\/\/www.janinebeangallery.com\/en\/wp-content\/uploads\/2022\/12\/PETER-DOHERTY-SEPTEMBER-_-OCTOBER-IN-THE-PRESS-11-353x500.jpg 353w, https:\/\/www.janinebeangallery.com\/en\/wp-content\/uploads\/2022\/12\/PETER-DOHERTY-SEPTEMBER-_-OCTOBER-IN-THE-PRESS-11-768x1087.jpg 768w, https:\/\/www.janinebeangallery.com\/en\/wp-content\/uploads\/2022\/12\/PETER-DOHERTY-SEPTEMBER-_-OCTOBER-IN-THE-PRESS-11-1085x1536.jpg 1085w, https:\/\/www.janinebeangallery.com\/en\/wp-content\/uploads\/2022\/12\/PETER-DOHERTY-SEPTEMBER-_-OCTOBER-IN-THE-PRESS-11-1447x2048.jpg 1447w, https:\/\/www.janinebeangallery.com\/en\/wp-content\/uploads\/2022\/12\/PETER-DOHERTY-SEPTEMBER-_-OCTOBER-IN-THE-PRESS-11-scaled.jpg 1809w\" sizes=\"auto, (max-width: 212px) 100vw, 212px\" \/><\/a><\/strong><strong>RBB Kultur das Magazin<\/strong><\/p>\n<p>&nbsp;<\/p>\n<p>&nbsp;<\/p>\n<p>&nbsp;<\/p>\n<p>&nbsp;<\/p>\n<p>&nbsp;<\/p>\n<p>&nbsp;<\/p>\n<\/div>\n<p>&nbsp;<\/p>\n<p>&nbsp;<\/p>\n<p>&nbsp;<\/p>\n<p><strong><img loading=\"lazy\" decoding=\"async\" class=\"size-medium wp-image-16337 alignleft\" src=\"https:\/\/www.janinebeangallery.com\/en\/wp-content\/uploads\/2022\/12\/PETER-DOHERTY-SEPTEMBER-_-OCTOBER-IN-THE-PRESS-10-212x300.jpg\" alt=\"\" width=\"212\" height=\"300\" srcset=\"https:\/\/www.janinebeangallery.com\/en\/wp-content\/uploads\/2022\/12\/PETER-DOHERTY-SEPTEMBER-_-OCTOBER-IN-THE-PRESS-10-212x300.jpg 212w, https:\/\/www.janinebeangallery.com\/en\/wp-content\/uploads\/2022\/12\/PETER-DOHERTY-SEPTEMBER-_-OCTOBER-IN-THE-PRESS-10-354x500.jpg 354w, https:\/\/www.janinebeangallery.com\/en\/wp-content\/uploads\/2022\/12\/PETER-DOHERTY-SEPTEMBER-_-OCTOBER-IN-THE-PRESS-10-768x1086.jpg 768w, https:\/\/www.janinebeangallery.com\/en\/wp-content\/uploads\/2022\/12\/PETER-DOHERTY-SEPTEMBER-_-OCTOBER-IN-THE-PRESS-10-1086x1536.jpg 1086w, https:\/\/www.janinebeangallery.com\/en\/wp-content\/uploads\/2022\/12\/PETER-DOHERTY-SEPTEMBER-_-OCTOBER-IN-THE-PRESS-10-1448x2048.jpg 1448w, https:\/\/www.janinebeangallery.com\/en\/wp-content\/uploads\/2022\/12\/PETER-DOHERTY-SEPTEMBER-_-OCTOBER-IN-THE-PRESS-10-scaled.jpg 1810w\" sizes=\"auto, (max-width: 212px) 100vw, 212px\" \/>MONOPOL Magazin f\u00fcr Kunst und Leben<\/strong><\/p>\n<div class=\"entry-content\">\n<p>&nbsp;<\/p>\n<p><strong>RBB Kultur Radio<\/strong><\/p>\n<p><a href=\"https:\/\/www.inforadio.de\/rubriken\/kultur\/beitraege\/2022\/09\/berlin-janinebean-gallery-kunstausstellung-peter-doherty.html?utm_source=pocket_mylist\">https:\/\/www.inforadio.de\/rubriken\/kultur\/beitraege\/2022\/09\/berlin-janinebean-gallery-kunstausstellung-peter-doherty.html?utm_source=pocket_mylist<\/a><\/p>\n<p>&nbsp;<\/p>\n<p>&nbsp;<\/p>\n<p><strong>Radio 1 Interview von Anne Spohr: <\/strong><\/p>\n<p><a href=\"https:\/\/www.radioeins.de\/programm\/sendungen\/mofr1013\/interviews\/peter-doherty-ausstellung.html?utm_source=pocket_mylist\">https:\/\/www.radioeins.de\/programm\/sendungen\/mofr1013\/interviews\/peter-doherty-ausstellung.html?utm_source=pocket_mylist<\/a><\/p>\n<p>&nbsp;<\/p>\n<p>&nbsp;<\/p>\n<p><strong>Deutschlandfunk<\/strong><\/p>\n<p><a href=\"https:\/\/www.deutschlandfunk.de\/blut-schmetterlinge-gedichte-kunst-des-britischen-musikers-peter-doherty-dlf-b1f54a43-100.html\">https:\/\/www.deutschlandfunk.de\/blut-schmetterlinge-gedichte-kunst-des-britischen-musikers-peter-doherty-dlf-b1f54a43-100.html<\/a><\/p>\n<p>&nbsp;<\/p>\n<p>&nbsp;<\/p>\n<p><strong>MUSIKEXPRESS<\/strong><\/p>\n<p><a href=\"https:\/\/www.musikexpress.de\/peter-doherty-stellt-kunst-in-berlin-aus-2190783\/\" data-type=\"URL\" data-id=\"https:\/\/www.musikexpress.de\/peter-doherty-stellt-kunst-in-berlin-aus-2190783\/\">https:\/\/www.musikexpress.de\/peter-doherty-stellt-kunst-in-berlin-aus-2190783\/<\/a><\/p>\n<p>&nbsp;<\/p>\n<p>&nbsp;<\/p>\n<p><strong>Kulturzeit 3sat: <\/strong><\/p>\n<p><a href=\"https:\/\/www.3sat.de\/kultur\/kulturzeit\/der-dokumentarfilm-into-the-ice-sendung-vom-12-september-2022-100.html\">https:\/\/www.3sat.de\/kultur\/kulturzeit\/der-dokumentarfilm-into-the-ice-sendung-vom-12-september-2022-100.html<\/a><\/p>\n<p><a href=\"https:\/\/ngp.3sat.de\/miniplayer\/embed\/3sat\/?mediaID=%2Fzdf%2Fkultur%2Fkulturzeit%2Fder-dokumentarfilm-into-the-ice-sendung-vom-12-september-2022-100\">100<\/a><\/p>\n<p>&nbsp;<\/p>\n<p><strong>RBB Kultur<\/strong><\/p>\n<p><a href=\"https:\/\/www.ardmediathek.de\/video\/rbb-kultur\/pete-doherty-ausstellung\/rbb-fernsehen\/Y3JpZDovL3JiYi1vbmxpbmUuZGUvcmJia3VsdHVyLzIwMjItMDktMTBUMTg6MzA6MDBfZjRjYjVlZGUtMTE3Yy00NWZmLWEyNzUtNzUzZDIzNDdkODYzL2RvaGVydHktcGV0ZS1hdXNzdGVsbHVuZy1jb250YWluLXlvdXJzZWxmLWphbmluZS1iZWFuLWdhbGxlcnk\">https:\/\/www.ardmediathek.de\/video\/rbb-kultur\/pete-doherty-ausstellung\/rbb-fernsehen\/Y3JpZDovL3JiYi1vbmxpbmUuZGUvcmJia3VsdHVyLzIwMjItMDktMTBUMTg6MzA6MDBfZjRjYjVlZGUtMTE3Yy00NWZmLWEyNzUtNzUzZDIzNDdkODYzL2RvaGVydHktcGV0ZS1hdXNzdGVsbHVuZy1jb250YWluLXlvdXJzZWxmLWphbmluZS1iZWFuLWdhbGxlcnk<\/a><\/p>\n<p>&nbsp;<\/p>\n<p>&nbsp;<\/p>\n<p><strong>Berliner Zeitung <\/strong><\/p>\n<p><a href=\"https:\/\/www.berliner-zeitung.de\/mensch-metropole\/peter-doherty-hat-einen-blutpakt-mit-dem-teufel-geschlossen-li.264944\">https:\/\/www.berliner-zeitung.de\/mensch-metropole\/peter-doherty-hat-einen-blutpakt-mit-dem-teufel-geschlossen-li.264944<\/a><\/p>\n<hr class=\"wp-block-separator has-alpha-channel-opacity\">\n<div class=\"article-top u-margin--bottom-none \">\n<h1><a href=\"https:\/\/www.elcorreo.com\/xlsemanal\/personajes\/peter-doherty-estrella-rock-kate-moss-cuadros-berlin.html\"><img loading=\"lazy\" decoding=\"async\" class=\"size-medium wp-image-16341 alignleft\" src=\"https:\/\/www.janinebeangallery.com\/en\/wp-content\/uploads\/2022\/12\/PETER-DOHERTY-SEPTEMBER-_-OCTOBER-IN-THE-PRESS-19-212x300.jpg\" alt=\"\" width=\"212\" height=\"300\" srcset=\"https:\/\/www.janinebeangallery.com\/en\/wp-content\/uploads\/2022\/12\/PETER-DOHERTY-SEPTEMBER-_-OCTOBER-IN-THE-PRESS-19-212x300.jpg 212w, https:\/\/www.janinebeangallery.com\/en\/wp-content\/uploads\/2022\/12\/PETER-DOHERTY-SEPTEMBER-_-OCTOBER-IN-THE-PRESS-19-354x500.jpg 354w, https:\/\/www.janinebeangallery.com\/en\/wp-content\/uploads\/2022\/12\/PETER-DOHERTY-SEPTEMBER-_-OCTOBER-IN-THE-PRESS-19-768x1086.jpg 768w, https:\/\/www.janinebeangallery.com\/en\/wp-content\/uploads\/2022\/12\/PETER-DOHERTY-SEPTEMBER-_-OCTOBER-IN-THE-PRESS-19-1086x1536.jpg 1086w, https:\/\/www.janinebeangallery.com\/en\/wp-content\/uploads\/2022\/12\/PETER-DOHERTY-SEPTEMBER-_-OCTOBER-IN-THE-PRESS-19-1448x2048.jpg 1448w, https:\/\/www.janinebeangallery.com\/en\/wp-content\/uploads\/2022\/12\/PETER-DOHERTY-SEPTEMBER-_-OCTOBER-IN-THE-PRESS-19-scaled.jpg 1810w\" sizes=\"auto, (max-width: 212px) 100vw, 212px\" \/><\/a>SEMANAL ESPANIA<\/h1>\n<\/div>\n<div class=\"article-top u-margin--bottom-none \">\n<h1><a href=\"https:\/\/www.elcorreo.com\/xlsemanal\/personajes\/peter-doherty-estrella-rock-kate-moss-cuadros-berlin.html\">https:\/\/www.elcorreo.com\/xlsemanal\/personajes\/peter-doherty-estrella-rock-kate-moss-cuadros-berlin.html<\/a><\/h1>\n<\/div>\n<p>&nbsp;<\/p>\n<p>&nbsp;<\/p>\n<div class=\"article-top u-margin--bottom-none \">\n<h1><a href=\"https:\/\/www.wort.lu\/de\/kultur\/peter-doherty-als-maler-in-der-janinebeangallery-6319c0f6de135b9236627c6b\">LUXEMBURGER&nbsp; WORT vom 8. September 2022<\/a><\/h1>\n<h1>&nbsp;<\/h1>\n<h1 class=\"article__title headline headline--mega\"><strong>POLITIKEN Denmark<\/strong><\/h1>\n<h1 class=\"article__title headline headline--mega\">Skandalemusiker viser blodig side af sig selv<\/h1>\n<p class=\"summary__p \">Galleri i Berlin udstiller v\u00e6rker, som Pete Doherty fra The Libertines blandt andet har frembragt ved at spr\u00f8jte sit eget blod p\u00e5 et l\u00e6rred.<\/p>\n<\/div>\n<h1><a href=\"https:\/\/politiken.dk\/kultur\/art8973960\/Skandalemusiker-viser-blodig-side-af-sig-selv\">https:\/\/politiken.dk\/kultur\/art8973960\/Skandalemusiker-viser-blodig-side-af-sig-selv<\/a><\/h1>\n<h1>&nbsp;<\/h1>\n<h1 class=\"article-title h1\">Peter&nbsp; Doherty, Bad Boy of British Rock, Is Showing His Collages and Other Highly Personal Artworks in a New Show in Berlin<\/h1>\n<p class=\"article-blurb\">The show will be on view in Berlin through the end of the year.<\/p>\n<p class=\"article-byline\">Jo Lawson-Tancred, <time title=\"Sep 8, 2022 4:10 PM\" datetime=\"2022-09-08T20:10:51-04:00\">September 8, 2022<a href=\"https:\/\/news.artnet.com\/art-world\/british-rock-star-pete-doherty-art-berlin-2172334\"> &nbsp; https:\/\/news.artnet.com\/art-world\/british-rock-star-pete-doherty-art-berlin-2172334<\/a><\/time><\/p>\n<\/div>\n<div class=\"html-div xdj266r x11i5rnm xat24cr x1mh8g0r xexx8yu x4uap5 x18d9i69 xkhd6sd\" dir=\"auto\">\n<div class=\"html-div xdj266r x11i5rnm xat24cr x1mh8g0r xexx8yu x4uap5 x18d9i69 xkhd6sd\" data-ad-rendering-role=\"message\">\n<div id=\":r1su:\" class=\"x1l90r2v x1pi30zi x1swvt13 x1iorvi4\" data-ad-comet-preview=\"message\" data-ad-preview=\"message\">\n<div class=\"x78zum5 xdt5ytf xz62fqu x16ldp7u\">\n<div class=\"xu06os2 x1ok221b\">\n<div class=\"xdj266r x11i5rnm xat24cr x1mh8g0r x1vvkbs x126k92a\">\n<div dir=\"auto\"><img loading=\"lazy\" decoding=\"async\" class=\"size-large wp-image-18421 alignleft\" src=\"https:\/\/www.janinebeangallery.com\/en\/wp-content\/uploads\/2024\/11\/467551886_10228085143899005_7650467873372839248_n-305x500.jpg\" alt=\"\" width=\"305\" height=\"500\" srcset=\"https:\/\/www.janinebeangallery.com\/en\/wp-content\/uploads\/2024\/11\/467551886_10228085143899005_7650467873372839248_n-305x500.jpg 305w, https:\/\/www.janinebeangallery.com\/en\/wp-content\/uploads\/2024\/11\/467551886_10228085143899005_7650467873372839248_n-183x300.jpg 183w, https:\/\/www.janinebeangallery.com\/en\/wp-content\/uploads\/2024\/11\/467551886_10228085143899005_7650467873372839248_n-768x1260.jpg 768w, https:\/\/www.janinebeangallery.com\/en\/wp-content\/uploads\/2024\/11\/467551886_10228085143899005_7650467873372839248_n-936x1536.jpg 936w, https:\/\/www.janinebeangallery.com\/en\/wp-content\/uploads\/2024\/11\/467551886_10228085143899005_7650467873372839248_n.jpg 1179w\" sizes=\"auto, (max-width: 305px) 100vw, 305px\" \/>Peter Doherty<\/div>\n<div dir=\"auto\">Rolling Stone Magazin<\/div>\n<div dir=\"auto\">Review zum Rolling Stone Beach Headliner Konzert am Freitag, den 15. November 2024<\/div>\n<\/div>\n<div class=\"x11i5rnm xat24cr x1mh8g0r x1vvkbs xtlvy1s x126k92a\">\n<div dir=\"auto\">\u201eAuf der B\u00fchne war er wieder der wunderbare Wilde, der seine Band dirigierte und zwischendurch etliche Songs allein mit der Gitarre spielte \u2013 das Beste der Libertines, der Babyshambles, seiner Solowerke, seine Stimme ist unzerst\u00f6rbar. Deshalb kann er es sich leisten, den immer noch sensationellen Hit \u201eCan\u2019t Stand Me Now\u201c nicht als Schlusspunkt zu setzen, sondern danach einfach weiter einen gro\u00dfartigen Song nach dem anderen zu spielen, darunter auch Wolfmans \u201eFor The Lovers\u201c. Mehrfach zog er den Hut \u2013 vor sich selbst, so scheint es fast. Verdient!\u201c<\/div>\n<\/div>\n<\/div>\n<\/div>\n<\/div>\n<\/div>\n<\/div>\n<div dir=\"auto\">&nbsp;<\/div>\n<div dir=\"auto\">&nbsp;<\/div>\n<div dir=\"auto\">&nbsp;<\/div>\n<div dir=\"auto\">&nbsp;<\/div>\n<div dir=\"auto\">&nbsp;<\/div>\n<div dir=\"auto\">&nbsp;<\/div>\n<div dir=\"auto\">&nbsp;<\/div>\n<div dir=\"auto\">&nbsp;<\/div>\n<div dir=\"auto\">&nbsp;<\/div>\n<div dir=\"auto\">&nbsp;<\/div>\n<div dir=\"auto\">&nbsp;<\/div>\n<div dir=\"auto\">&nbsp;<\/div>\n<div dir=\"auto\">&nbsp;<\/div>\n<div dir=\"auto\">&nbsp;<\/div>\n<div dir=\"auto\">&nbsp;<\/div>\n<div dir=\"auto\">&nbsp;<\/div>\n<div dir=\"auto\">&nbsp;<\/div>\n\n\n<figure class=\"wp-block-embed is-type-video is-provider-youtube wp-block-embed-youtube wp-embed-aspect-16-9 wp-has-aspect-ratio\"><div class=\"wp-block-embed__wrapper\">\n<iframe loading=\"lazy\" title=\"Peter Doherty &amp; Katia de Vidas talks about the documentary &#039;Peter Doherty: Stranger in My Own Skin&#039;\" width=\"1200\" height=\"675\" src=\"https:\/\/www.youtube.com\/embed\/L0ZNA_cg8n8?feature=oembed\" frameborder=\"0\" allow=\"accelerometer; autoplay; clipboard-write; encrypted-media; gyroscope; picture-in-picture; web-share\" referrerpolicy=\"strict-origin-when-cross-origin\" allowfullscreen><\/iframe>\n<\/div><\/figure>\n","protected":false},"excerpt":{"rendered":"<p>Peter Doherty Interview with Saskia Trebing Monopol 3\/2025 &nbsp;https:\/\/news.artnet.com\/art-world\/pete-doherty-janine-bean-berlin-survey-2606556 https:\/\/www.radioeins.de\/programm\/sendungen\/mofr1013\/_\/-felt-better-alive\u2014-peter-dohertys-neue-kunst.html https:\/\/janinebeangallery.com\/wp-content\/uploads\/2025\/02\/WELT_2025_02_20250210_ASV_WE_20250210_DWBE-HP_KULTUR.13174738.1.pdf article at Focus Magazin 8\/2025 by Sebastian Frenzel Tagesspiegel February&nbsp; 13. 2025 Pete Doherty and Yoko Ono in Berlin\u2026by Ingolf Patz.pdf &nbsp; &nbsp; &nbsp; &nbsp; &nbsp; &nbsp; Peter Doherty \u201eBeyond Fame\u201c at NRW Forum Dusseldorf, Germany (selection) Esquire Magazine 3\/ 2023,&nbsp; Hatice Aky\u00fcn and &#8230; <a title=\"Peter Doherty | Press | selection\" class=\"read-more\" href=\"https:\/\/www.janinebeangallery.com\/en\/?page_id=16296\" aria-label=\"Read more about Peter Doherty | Press | selection\">Read more<\/a><\/p>\n","protected":false},"author":2,"featured_media":0,"parent":0,"menu_order":0,"comment_status":"closed","ping_status":"closed","template":"","meta":{"ngg_post_thumbnail":0,"footnotes":""},"class_list":["post-16296","page","type-page","status-publish"],"_links":{"self":[{"href":"https:\/\/www.janinebeangallery.com\/en\/index.php?rest_route=\/wp\/v2\/pages\/16296","targetHints":{"allow":["GET"]}}],"collection":[{"href":"https:\/\/www.janinebeangallery.com\/en\/index.php?rest_route=\/wp\/v2\/pages"}],"about":[{"href":"https:\/\/www.janinebeangallery.com\/en\/index.php?rest_route=\/wp\/v2\/types\/page"}],"author":[{"embeddable":true,"href":"https:\/\/www.janinebeangallery.com\/en\/index.php?rest_route=\/wp\/v2\/users\/2"}],"replies":[{"embeddable":true,"href":"https:\/\/www.janinebeangallery.com\/en\/index.php?rest_route=%2Fwp%2Fv2%2Fcomments&post=16296"}],"version-history":[{"count":40,"href":"https:\/\/www.janinebeangallery.com\/en\/index.php?rest_route=\/wp\/v2\/pages\/16296\/revisions"}],"predecessor-version":[{"id":18776,"href":"https:\/\/www.janinebeangallery.com\/en\/index.php?rest_route=\/wp\/v2\/pages\/16296\/revisions\/18776"}],"wp:attachment":[{"href":"https:\/\/www.janinebeangallery.com\/en\/index.php?rest_route=%2Fwp%2Fv2%2Fmedia&parent=16296"}],"curies":[{"name":"wp","href":"https:\/\/api.w.org\/{rel}","templated":true}]}}