{"id":10620,"date":"2018-02-17T15:12:26","date_gmt":"2018-02-17T14:12:26","guid":{"rendered":"http:\/\/www.janinebeangallery.com\/en\/?page_id=10620"},"modified":"2022-11-02T14:59:55","modified_gmt":"2022-11-02T13:59:55","slug":"arny-schmit-vita","status":"publish","type":"page","link":"https:\/\/www.janinebeangallery.com\/en\/?page_id=10620","title":{"rendered":"Arny Schmit | CV"},"content":{"rendered":"<p><img loading=\"lazy\" decoding=\"async\" class=\"size-medium wp-image-12912 alignleft\" src=\"https:\/\/www.janinebeangallery.com\/en\/wp-content\/uploads\/2020\/02\/DSC_1098-300x199.jpg\" alt=\"\" width=\"300\" height=\"199\" srcset=\"https:\/\/www.janinebeangallery.com\/en\/wp-content\/uploads\/2020\/02\/DSC_1098-300x199.jpg 300w, https:\/\/www.janinebeangallery.com\/en\/wp-content\/uploads\/2020\/02\/DSC_1098-500x332.jpg 500w, https:\/\/www.janinebeangallery.com\/en\/wp-content\/uploads\/2020\/02\/DSC_1098-768x510.jpg 768w, https:\/\/www.janinebeangallery.com\/en\/wp-content\/uploads\/2020\/02\/DSC_1098-1536x1020.jpg 1536w, https:\/\/www.janinebeangallery.com\/en\/wp-content\/uploads\/2020\/02\/DSC_1098-2048x1360.jpg 2048w\" sizes=\"auto, (max-width: 300px) 100vw, 300px\" \/>For the realization of his works, the Luxembourg artist Arny Schmit uses multilayered cardboard as a support in order to create a third dimension to his universe. His wild and monochrome natural landscapes oscillate between reality and fantasy. The artist finds his inspiration mainly through the observation of nature itself. Nature is a source of inspiration and a witness to life&#8217;s journey, transience and rebirth: all themes that are part of the artist&#8217;s work. Arny Schmit&#8217;s paintings are constructed as collages, where thematic fragments are reassembled to form a dialogue, a synergy, a composition of different elements on different levels.<br \/>\nThe represented untamed nature is contrasted with LED lights and cardboard, which is a disposable material par excel- lence of our society. Arny Schmit loves opposites: light and dark, natural and artificial ornaments, image and reality, nature and industry.<\/p>\n<p>&nbsp;<\/p>\n<p>solo shows (selection)<\/p>\n<p>2023<\/p>\n<p style=\"padding-left: 40px;\">Arny Schmit, January 13. \u2013 March 4.&nbsp; 2023, janinebeangallery<\/p>\n<p>2022<\/p>\n<p style=\"padding-left: 40px;\">\u201eInside \u2013 Out\u201c, Chambre de Commerce,&nbsp; Galerie Reuter Bausch, Luxembourg<\/p>\n<p>2020<\/p>\n<p style=\"padding-left: 40px;\"><span dir=\"ltr\" role=\"presentation\">\u201e<\/span><span dir=\"ltr\" role=\"presentation\">Die h\u00e4ngenden G\u00e4rten<\/span><span dir=\"ltr\" role=\"presentation\">\u201c, <\/span><span dir=\"ltr\" role=\"presentation\">Centre d\u2019Art Dudelange<\/span><span dir=\"ltr\" role=\"presentation\">, Luxembourg<\/span><\/p>\n<p>&nbsp;<\/p>\n<p>2019<\/p>\n<p style=\"padding-left: 40px;\">&#8220;Der Geschmack von Schnee&#8221;, janinebeangallery, Berlin<\/p>\n<p style=\"padding-left: 40px;\">Salon du CAL Luxembourg<\/p>\n<p>2018<\/p>\n<p style=\"padding-left: 40px;\">&#8220;Wild\u201c , Kloser Contemporary Art, Kalmthout, Belgium<\/p>\n<p style=\"padding-left: 40px;\">Galerie beim Engel Luxembourg<\/p>\n<p>2016<\/p>\n<p style=\"padding-left: 40px;\">Journal intime de L. &#8211; Wild Project Gallery Luxembourg<\/p>\n<p>2015<\/p>\n<p style=\"padding-left: 40px;\">Galerie Art Container &#8211; Echternach Luxembourg<\/p>\n<p>2015<\/p>\n<p style=\"padding-left: 40px;\">Coco &amp; Neoba Rock &#8211; Galerie Toxic Luxembourg<\/p>\n<p>2015<\/p>\n<p style=\"padding-left: 40px;\">Brains are where you find them Galerie Hoste Art Residence, Bruges Belgium<\/p>\n<p>2012<\/p>\n<p style=\"padding-left: 40px;\">Juste des figurants \u2013 Galerie Alphonse d\u2019Heye\/Knokke Belgium<\/p>\n<p>2011<\/p>\n<p style=\"padding-left: 40px;\">Vive les privil\u00e8ges \u2013 Galerie KJUB Luxembourg<\/p>\n<p>2010<\/p>\n<p style=\"padding-left: 40px;\">Mol dru kraze goen- Galerie Toxic Luxembourg<\/p>\n<p>2009<\/p>\n<p style=\"padding-left: 40px;\">Ambassade du Luxembourg \u2013 Berlin<\/p>\n<p style=\"padding-left: 40px;\">Garage Pirsch \u2013 Luxembourg Luxembourg<\/p>\n<p>2007<\/p>\n<p style=\"padding-left: 40px;\">\u201eJo, et geht, m\u00e4\u2026\u201c Galerie Schweitzer Luxembourg<\/p>\n<p>2006<\/p>\n<p style=\"padding-left: 40px;\">Galerie Box 38 \/ Ostende Belgium<\/p>\n<p>2005<\/p>\n<p style=\"padding-left: 40px;\">Art Forum \/Antwerpen-Anvers Belgium<\/p>\n<p>2004<\/p>\n<p style=\"padding-left: 40px;\">Galerie Schweitzer Luxembourg<\/p>\n<p>2003<\/p>\n<p style=\"padding-left: 40px;\">Galeria VILLALBA I BADIA \/ Barcelona Spain<\/p>\n<p>2002<\/p>\n<p style=\"padding-left: 40px;\">Galerie BOX 38 \/ Ostende Belgium<\/p>\n<p style=\"padding-left: 40px;\">Banque UBS Luxembourg- Spirit of paintings Luxembourg<\/p>\n<p style=\"padding-left: 40px;\">DZ Bank Luxembourg \u2013 Spirit of paintings Luxembourg<\/p>\n<p style=\"padding-left: 40px;\">Galerie DECLIC, Luxembourg Luxembourg<\/p>\n<p>2000<\/p>\n<p style=\"padding-left: 40px;\">Institut CAMOES \u2013 Ambassade du Portugal Luxembourg<\/p>\n<p style=\"padding-left: 40px;\">Galerie GNG \/ Paris France<\/p>\n<p style=\"padding-left: 40px;\">Galerie A Spiren, Strassen Luxembourg<\/p>\n<p>1999<\/p>\n<p style=\"padding-left: 40px;\">Galerie DECLIC, Luxembourg Luxembourg<\/p>\n<p>1998<\/p>\n<p style=\"padding-left: 40px;\">Espace PARAGON, Luxembourg Luxembourg<\/p>\n<p>1993<\/p>\n<p style=\"padding-left: 40px;\">Theaterstiffchen Esch-sur-Alzette Luxembourg<\/p>\n<p>&nbsp;<\/p>\n<p>group shows (selection)<\/p>\n<p>2022<\/p>\n<p style=\"padding-left: 40px;\">\u201eDas Wunderland fehlte mir\u201c, Andrea Damp, Maxwell Dunlop, Beate H\u00f6ing, Petra Rintelen, Arny Schmit, janinebeangallery, Berlin<\/p>\n<p style=\"padding-left: 40px;\"><span dir=\"ltr\" role=\"presentation\">\u201eGroup Show \u2013 Part I\u201c,with Thierry Harpes und Pascal Vilcollet, Galerie Reuter Bausch, Luxembourg<\/span><\/p>\n<p>2021<\/p>\n<p style=\"padding-left: 40px;\"><span dir=\"ltr\" role=\"presentation\">nominated for the art award Robert Schuman of the city of Saarbr\u00fccken, Germany<\/span><\/p>\n<p style=\"padding-left: 40px;\">High on Paper, janinebeangallery, Berlin<\/p>\n<p>2020<\/p>\n<p style=\"padding-left: 40px;\">Art is a Remedy, janinebeangalelry, Berlin<\/p>\n<p style=\"padding-left: 40px;\">&#8220;Dodo Dialogues&#8221;, janinebeangallery, Berlin<\/p>\n<p style=\"padding-left: 40px;\">Luxembourg Art Week, janinebeangallery<\/p>\n<p>2019<\/p>\n<p style=\"padding-left: 40px;\">Luxembourg Art Week<\/p>\n<p style=\"padding-left: 40px;\">Art2Cure \u2013 Galerie de l\u2019Ind\u00e9pendance BIL<\/p>\n<p>2018<\/p>\n<p style=\"padding-left: 40px;\">Strange Matter, janinebeangallery, Berlin<\/p>\n<p style=\"padding-left: 40px;\">Luxemburg Art Week, alimullerprojects<\/p>\n<p>2017<\/p>\n<p style=\"padding-left: 40px;\">End of Year &#8211; 6th Floor Koerich Luxembourg<\/p>\n<p>2017<\/p>\n<p style=\"padding-left: 40px;\">Uecht Esch\/Alzette Luxembourg<\/p>\n<p>2017<\/p>\n<p style=\"padding-left: 40px;\">Art Paris avec Wild Project Gallery Grand Palais Paris France<\/p>\n<p>2016<\/p>\n<p style=\"padding-left: 40px;\">Luxembourg Art Week avec Wild Project Gallery Luxembourg<\/p>\n<p>2015<\/p>\n<p style=\"padding-left: 40px;\">Galerie Art Container Inauguration &#8211; Echternach Luxembourg<\/p>\n<p>2014<\/p>\n<p style=\"padding-left: 40px;\">Le dernier Tango \u00e0 la Gare \u2013 Galerie Bradk\u00e9 Luxembourg Luxembourg<\/p>\n<p style=\"padding-left: 40px;\">\u00ab&nbsp;Invit\u00e9&nbsp;\u00bb \u00e0 la porte ouverte des artistes de la Schla\u00efffmillen Luxembourg<\/p>\n<p style=\"padding-left: 40px;\">Festival d\u2019art contemporain BAM \u2013 La Roche en Ardennes Belgium<\/p>\n<p style=\"padding-left: 40px;\">Re-CAL 2 \u2013 Galerie KJUB Luxembourg<\/p>\n<p>2012<\/p>\n<p style=\"padding-left: 40px;\">Holy Holy Holy \u2013 Galerie Toxic Luxembourg<\/p>\n<p>2011<\/p>\n<p style=\"padding-left: 40px;\">Konscht am Joer vum B\u00ebsch \u2013 Bertrange Luxembourg<\/p>\n<p>2009<\/p>\n<p style=\"padding-left: 40px;\">The Messenger \u2013 Toxic Galerie Luxembourg<\/p>\n<p style=\"padding-left: 40px;\">Art Paris \u2013 Toxic Galerie Luxembourg<\/p>\n<p>2008<\/p>\n<p style=\"padding-left: 40px;\">Galerie Toxic Et\u00e9 08 Luxembourg<\/p>\n<p style=\"padding-left: 40px;\">Zeitgalerie, Berlin<\/p>\n<p style=\"padding-left: 40px;\">Art in Beaufort Luxembourg<\/p>\n<p>2006<\/p>\n<p style=\"padding-left: 40px;\">Art Channel, Beijing China<\/p>\n<p style=\"padding-left: 40px;\">Qian Dao Hu China<\/p>\n<p>2005<\/p>\n<p style=\"padding-left: 40px;\">Carte blanche \u00e0 la po\u00e9sie, la musique et aux artistes de la galerie Luxembourg<\/p>\n<p style=\"padding-left: 40px;\">Galerie Schweitzer<\/p>\n<p>2003<\/p>\n<p style=\"padding-left: 40px;\">Galerie Box 38 \u00ab 4 \u00bb \/ Ostende Belgium<\/p>\n<p style=\"padding-left: 40px;\">Galerie \u201eKonschthaus beim Engel\u201c Luxembourg<\/p>\n<p>2002<\/p>\n<p style=\"padding-left: 40px;\">Galerie D\u00e9clic \u00ab&nbsp;R\u00e9trospective 2001&nbsp;\u00bb Luxembourg<\/p>\n<p style=\"padding-left: 40px;\">Reckange\/Mess \/ Centre culturel Luxembourg<\/p>\n<p>2001<\/p>\n<p style=\"padding-left: 40px;\">Chapelle du Rham \/ Luxembourg \u2013 \u00ab&nbsp;Limite sans limites&nbsp;\u00bb Luxembourg<\/p>\n<p style=\"padding-left: 40px;\">La Casa Elizalde \/ Barcelone &#8211; \u00ab Limite sans limites \u00bb Spain<\/p>\n<p style=\"padding-left: 40px;\">Banque Centrale Europ\u00e9enne \/ Frankfurt am Main<\/p>\n<p style=\"padding-left: 40px;\">\u00ab Art contemporain de Luxembourg \u00bb Germany<\/p>\n<p style=\"padding-left: 40px;\">Galerie Box 38 \/ Ostende (en permanence) Belgium<\/p>\n<p>2000<\/p>\n<p style=\"padding-left: 40px;\">Salon du LAC Luxembourg<br \/>\nCommune de Strassen (150e anniversaire) Luxembourg<\/p>\n<p style=\"padding-left: 40px;\">Salon du Pian de M\u00e9doc \/ Bordeaux France<\/p>\n<p style=\"padding-left: 40px;\">Galerie Box 38 \/ Ostende (en permanence) Belgium<\/p>\n<p>1999<\/p>\n<p style=\"padding-left: 40px;\">Galerie d\u2019Art Am Tunnel. BCEE Luxembourg<\/p>\n<p style=\"padding-left: 40px;\">\u00ab&nbsp;Hommage aux Artistes Luxembourgeois&nbsp;\u00bb<\/p>\n<p style=\"padding-left: 40px;\">Salon du CAL Luxembourg<\/p>\n<p style=\"padding-left: 40px;\">Salon Grands et Jeunes d\u2019aujourd\u2019hui \/ Paris France<\/p>\n<p>1998<\/p>\n<p style=\"padding-left: 40px;\">Salon du LAC Luxembourg<\/p>\n<p>1996<\/p>\n<p style=\"padding-left: 40px;\">Salon du LAC Luxembourg<\/p>\n<p>1995<\/p>\n<p style=\"padding-left: 40px;\">20e Salon Arts et Couleurs \/ Thionville France<\/p>\n<p style=\"padding-left: 40px;\">Salon du CAL Luxembourg<\/p>\n<p>1994<\/p>\n<p style=\"padding-left: 40px;\">L\u2019Art en Marche \/ Sprenkenger Haff Luxembourg<\/p>\n<p>1993<\/p>\n<p style=\"padding-left: 40px;\">Biennale des Jeunes \/ Esch-sur-Alzette Luxembourg<\/p>\n<p style=\"padding-left: 40px;\">Salon du CAL Luxembourg<\/p>\n<p>1992<\/p>\n<p style=\"padding-left: 40px;\">Ch\u00e2teau de Bettembourg Luxembourg<\/p>\n<p>1984<\/p>\n<p style=\"padding-left: 40px;\">Salon du LAC Luxembourg<\/p>\n<p>&nbsp;<\/p>\n<p><strong>Collections (public)<br \/>\n<\/strong><\/p>\n<p>Minist\u00e8re de la Culture Luxembourg<\/p>\n<p>Banque et Caisse d\u2019Epargne de l\u2019Etat Luxembourg<\/p>\n<p>Institut Camoes \u2013 Ambassade du Portugal Luxembourg<\/p>\n<p>Commission de Surveillance du Secteur financier Luxembourg<\/p>\n<p>Commune de Strassen Luxembourg<\/p>\n<p>ULB \u2013 Bruxelles Belgium<\/p>\n<p>Banque EFG \u2013 Luxembourg Luxembourg<\/p>\n<p>Collection priv\u00e9e de Madame Catherine Deneuve France<\/p>\n<p>Bibliographie&nbsp;<\/p>\n<p>Catalogues du Cercle Artistique Luxembourg (CAL) 1993, 1995, 1999<\/p>\n<p>Catalogues du L\u00ebtzebuerger Artiste Center (LAC) 1984, 1996, 1998, 2000<\/p>\n<p>Catalogue de l\u2019exposition \u00ab&nbsp;Grands et Jeunes d\u2019aujourd\u2019hui \u2013 Paris&nbsp;\u00bb<\/p>\n<p>Catalogue de l\u2019exposition \u00ab&nbsp;Limite sans limites&nbsp;\u00bb, Luxembourg et Barcelone<\/p>\n<p>Catalogue de l\u2019exposition \u00ab&nbsp;Art contemporain de Luxembourg&nbsp;\u00bb \u00e0 Francfort, Banque Centrale Europ\u00e9enne<\/p>\n<p>Art contemporain \u00e0 Luxembourg \u2013 Collection de la Banque et Caisse d\u2019Epargne de l\u2019Etat<\/p>\n<p>Galerie 2000 juillet-ao\u00fbt 2000<\/p>\n<p>Galerie 2000 octobre-novembre 2000 \u00ab&nbsp;Quand il parle de peinture, il parle d\u2019\u00e9quilibre&nbsp;\u00bb par Chantal de Jaeger<\/p>\n<p>Lambert HERR&nbsp;: Signatures&nbsp;: portraits et auto-portraits&nbsp;: artistes plasticiens au Luxembourg<\/p>\n<p>Luxemburger Wort&nbsp;: \u00ab&nbsp;Quand la nature morte parle de la vie&nbsp;\u00bb par Chantal de Jaeger<\/p>\n<p>Luxemburger Wort&nbsp;: \u00ab&nbsp;Metall und Farbe&nbsp;\u00bb par Marianne Eisen<\/p>\n<p>Catalogue \u00ab&nbsp;Art \u2013 Vie&nbsp;\u00bb, 2002 \u2013 texte de Chantal de Jaeger<\/p>\n<p>Revue \u00e9d. 29.5.02&nbsp;: \u00ab&nbsp;Der Nachdenkliche&nbsp;\u00bb, par Gabrielle Seil<\/p>\n<p>Luxemburger Wort: \u00ab&nbsp;Les effets de la mati\u00e8re&nbsp;\u00bb, par Nelly Lecomte<\/p>\n<p>\u00ab&nbsp;Jo, et geht, m\u00e4\u2026&nbsp;\u00bb catalogue paru \u00e0 l\u2019occasion de l\u2019exposition \u00e0 la galerie Schweitzer 2007<\/p>\n<p>Articles de presse parus en 2005&nbsp;: Luxemburger Wort, Le Jeudi, Le Quotidien, La Voix, Tageblatt, Revue, T\u00e9l\u00e9cran, Nico<\/p>\n<p>Articles de presse parus en 2010 \u00e0 l\u2019occasion de l\u2019exposition&nbsp;\u00ab&nbsp;Mol dru kraze goen&nbsp;\u00bb \u00e0 la galerie Toxic&nbsp;: Luxemburger Wort, Le Quotidien, Le Jeudi, etc\u2026<\/p>\n<p>Articles de presse parus en 2015 \u00e0 l\u2019occasion de l\u2019exposition&nbsp;\u00ab&nbsp;Coco &amp; Neoba Rock&nbsp;\u00bb \u00e0 la galerie Toxic&nbsp;: Luxemburger Wort, Revue, L\u00ebtzebuerger Land etc\u2026<\/p>\n<p>&nbsp;<br \/>\n&nbsp;Audiovisuel&nbsp;<\/p>\n<p>RTL T\u00e9l\u00e9vision 1999, 2002, 2005<\/p>\n<p>RTL Radio , 2000, 2002, 2005, 2010, 2012, 2015<\/p>\n<p>Radio socio-culturelle 100,7 Luxembourg 2000 et 2002<\/p>\n<p>Films&nbsp;<\/p>\n<p>2014 R\u00e9alisation de tableaux pour&nbsp;le film \u00ab Disparue en hiver&nbsp;\u00bb de Iris Productions, avec Kad Merad<\/p>\n<p>2014 R\u00e9alisation de tableaux pour&nbsp;le film \u00ab&nbsp;Le Tout Nouveau Testament&nbsp;\u00bb de Jaco van Dormael avec Catherine Deneuve et Beno\u00eet Poelvoorde<\/p>\n<p>R\u00e9alisations&nbsp;<\/p>\n<p>S\u00e9rigraphie pour le Minist\u00e8re d\u2019Etat, Service des M\u00e9dias et de l\u2019Audiovisuel &#8211; RTL -SES<\/p>\n<p>Calendriers au profit de l\u2019ONG \u00ab&nbsp;Eng offen Hand fir de Malawi&nbsp;\u00bb 1999 et 2001<\/p>\n<p>Collection RTL \u2013 Tasses Capuccino<\/p>\n<p>S\u00e9rigraphies pour IPL<\/p>\n<p>Cartes de v\u0153ux pour La S\u00e9curit\u00e9 Routi\u00e8re<\/p>\n<p>Couverture des ouvrages de M. Georges RAVARANI&nbsp;: La responsabilit\u00e9 civile<\/p>\n<p>&nbsp;<\/p>\n","protected":false},"excerpt":{"rendered":"<p>For the realization of his works, the Luxembourg artist Arny Schmit uses multilayered cardboard as a support in order to create a third dimension to his universe. His wild and monochrome natural landscapes oscillate between reality and fantasy. The artist finds his inspiration mainly through the observation of nature itself. Nature is a source of &#8230; <a title=\"Arny Schmit | CV\" class=\"read-more\" href=\"https:\/\/www.janinebeangallery.com\/en\/?page_id=10620\" aria-label=\"Read more about Arny Schmit | CV\">Read more<\/a><\/p>\n","protected":false},"author":2,"featured_media":0,"parent":0,"menu_order":0,"comment_status":"closed","ping_status":"closed","template":"","meta":{"ngg_post_thumbnail":0,"footnotes":""},"class_list":["post-10620","page","type-page","status-publish"],"yoast_head":"<!-- This site is optimized with the Yoast SEO plugin v28.4 - https:\/\/yoast.com\/product\/yoast-seo-wordpress\/ -->\n<title>Arny Schmit | CV - janinebeangallery<\/title>\n<meta name=\"robots\" content=\"index, follow, max-snippet:-1, max-image-preview:large, max-video-preview:-1\" \/>\n<link rel=\"canonical\" href=\"https:\/\/www.janinebeangallery.com\/en\/?page_id=10620\" \/>\n<meta property=\"og:locale\" content=\"en_US\" \/>\n<meta property=\"og:type\" content=\"article\" \/>\n<meta property=\"og:title\" content=\"Arny Schmit | CV - janinebeangallery\" \/>\n<meta property=\"og:description\" content=\"For the realization of his works, the Luxembourg artist Arny Schmit uses multilayered cardboard as a support in order to create a third dimension to his universe. His wild and monochrome natural landscapes oscillate between reality and fantasy. The artist finds his inspiration mainly through the observation of nature itself. Nature is a source of ... Read more\" \/>\n<meta property=\"og:url\" content=\"https:\/\/www.janinebeangallery.com\/en\/?page_id=10620\" \/>\n<meta property=\"og:site_name\" content=\"janinebeangallery\" \/>\n<meta property=\"article:modified_time\" content=\"2022-11-02T13:59:55+00:00\" \/>\n<meta property=\"og:image\" content=\"https:\/\/www.janinebeangallery.com\/en\/wp-content\/uploads\/2020\/02\/DSC_1098-scaled.jpg\" \/>\n\t<meta property=\"og:image:width\" content=\"2560\" \/>\n\t<meta property=\"og:image:height\" content=\"1700\" \/>\n\t<meta property=\"og:image:type\" content=\"image\/jpeg\" \/>\n<meta name=\"twitter:card\" content=\"summary_large_image\" \/>\n<meta name=\"twitter:label1\" content=\"Est. reading time\" \/>\n\t<meta name=\"twitter:data1\" content=\"6 minutes\" \/>\n<script type=\"application\/ld+json\" class=\"yoast-schema-graph\">{\"@context\":\"https:\\\/\\\/schema.org\",\"@graph\":[{\"@type\":\"WebPage\",\"@id\":\"https:\\\/\\\/www.janinebeangallery.com\\\/en\\\/?page_id=10620\",\"url\":\"https:\\\/\\\/www.janinebeangallery.com\\\/en\\\/?page_id=10620\",\"name\":\"Arny Schmit | CV - janinebeangallery\",\"isPartOf\":{\"@id\":\"https:\\\/\\\/www.janinebeangallery.com\\\/en\\\/#website\"},\"primaryImageOfPage\":{\"@id\":\"https:\\\/\\\/www.janinebeangallery.com\\\/en\\\/?page_id=10620#primaryimage\"},\"image\":{\"@id\":\"https:\\\/\\\/www.janinebeangallery.com\\\/en\\\/?page_id=10620#primaryimage\"},\"thumbnailUrl\":\"https:\\\/\\\/www.janinebeangallery.com\\\/en\\\/wp-content\\\/uploads\\\/2020\\\/02\\\/DSC_1098-300x199.jpg\",\"datePublished\":\"2018-02-17T14:12:26+00:00\",\"dateModified\":\"2022-11-02T13:59:55+00:00\",\"breadcrumb\":{\"@id\":\"https:\\\/\\\/www.janinebeangallery.com\\\/en\\\/?page_id=10620#breadcrumb\"},\"inLanguage\":\"en-US\",\"potentialAction\":[{\"@type\":\"ReadAction\",\"target\":[\"https:\\\/\\\/www.janinebeangallery.com\\\/en\\\/?page_id=10620\"]}]},{\"@type\":\"ImageObject\",\"inLanguage\":\"en-US\",\"@id\":\"https:\\\/\\\/www.janinebeangallery.com\\\/en\\\/?page_id=10620#primaryimage\",\"url\":\"https:\\\/\\\/www.janinebeangallery.com\\\/en\\\/wp-content\\\/uploads\\\/2020\\\/02\\\/DSC_1098-scaled.jpg\",\"contentUrl\":\"https:\\\/\\\/www.janinebeangallery.com\\\/en\\\/wp-content\\\/uploads\\\/2020\\\/02\\\/DSC_1098-scaled.jpg\",\"width\":2560,\"height\":1700},{\"@type\":\"BreadcrumbList\",\"@id\":\"https:\\\/\\\/www.janinebeangallery.com\\\/en\\\/?page_id=10620#breadcrumb\",\"itemListElement\":[{\"@type\":\"ListItem\",\"position\":1,\"name\":\"Home\",\"item\":\"https:\\\/\\\/www.janinebeangallery.com\\\/en\\\/\"},{\"@type\":\"ListItem\",\"position\":2,\"name\":\"Arny Schmit | CV\"}]},{\"@type\":\"WebSite\",\"@id\":\"https:\\\/\\\/www.janinebeangallery.com\\\/en\\\/#website\",\"url\":\"https:\\\/\\\/www.janinebeangallery.com\\\/en\\\/\",\"name\":\"janinebeangallery\",\"description\":\"Contemporary Art Gallery in Berlin\",\"publisher\":{\"@id\":\"https:\\\/\\\/www.janinebeangallery.com\\\/en\\\/#organization\"},\"potentialAction\":[{\"@type\":\"SearchAction\",\"target\":{\"@type\":\"EntryPoint\",\"urlTemplate\":\"https:\\\/\\\/www.janinebeangallery.com\\\/en\\\/?s={search_term_string}\"},\"query-input\":{\"@type\":\"PropertyValueSpecification\",\"valueRequired\":true,\"valueName\":\"search_term_string\"}}],\"inLanguage\":\"en-US\"},{\"@type\":\"Organization\",\"@id\":\"https:\\\/\\\/www.janinebeangallery.com\\\/en\\\/#organization\",\"name\":\"janinebeangallery\",\"url\":\"https:\\\/\\\/www.janinebeangallery.com\\\/en\\\/\",\"logo\":{\"@type\":\"ImageObject\",\"inLanguage\":\"en-US\",\"@id\":\"https:\\\/\\\/www.janinebeangallery.com\\\/en\\\/#\\\/schema\\\/logo\\\/image\\\/\",\"url\":\"https:\\\/\\\/www.janinebeangallery.com\\\/en\\\/wp-content\\\/uploads\\\/2020\\\/09\\\/cropped-Logo_schwarz_groserer_hintergrund.jpg\",\"contentUrl\":\"https:\\\/\\\/www.janinebeangallery.com\\\/en\\\/wp-content\\\/uploads\\\/2020\\\/09\\\/cropped-Logo_schwarz_groserer_hintergrund.jpg\",\"width\":924,\"height\":1181,\"caption\":\"janinebeangallery\"},\"image\":{\"@id\":\"https:\\\/\\\/www.janinebeangallery.com\\\/en\\\/#\\\/schema\\\/logo\\\/image\\\/\"}}]}<\/script>\n<!-- \/ Yoast SEO plugin. -->","yoast_head_json":{"title":"Arny Schmit | CV - janinebeangallery","robots":{"index":"index","follow":"follow","max-snippet":"max-snippet:-1","max-image-preview":"max-image-preview:large","max-video-preview":"max-video-preview:-1"},"canonical":"https:\/\/www.janinebeangallery.com\/en\/?page_id=10620","og_locale":"en_US","og_type":"article","og_title":"Arny Schmit | CV - janinebeangallery","og_description":"For the realization of his works, the Luxembourg artist Arny Schmit uses multilayered cardboard as a support in order to create a third dimension to his universe. His wild and monochrome natural landscapes oscillate between reality and fantasy. The artist finds his inspiration mainly through the observation of nature itself. Nature is a source of ... Read more","og_url":"https:\/\/www.janinebeangallery.com\/en\/?page_id=10620","og_site_name":"janinebeangallery","article_modified_time":"2022-11-02T13:59:55+00:00","og_image":[{"width":2560,"height":1700,"url":"https:\/\/www.janinebeangallery.com\/en\/wp-content\/uploads\/2020\/02\/DSC_1098-scaled.jpg","type":"image\/jpeg"}],"twitter_card":"summary_large_image","twitter_misc":{"Est. reading time":"6 minutes"},"schema":{"@context":"https:\/\/schema.org","@graph":[{"@type":"WebPage","@id":"https:\/\/www.janinebeangallery.com\/en\/?page_id=10620","url":"https:\/\/www.janinebeangallery.com\/en\/?page_id=10620","name":"Arny Schmit | CV - janinebeangallery","isPartOf":{"@id":"https:\/\/www.janinebeangallery.com\/en\/#website"},"primaryImageOfPage":{"@id":"https:\/\/www.janinebeangallery.com\/en\/?page_id=10620#primaryimage"},"image":{"@id":"https:\/\/www.janinebeangallery.com\/en\/?page_id=10620#primaryimage"},"thumbnailUrl":"https:\/\/www.janinebeangallery.com\/en\/wp-content\/uploads\/2020\/02\/DSC_1098-300x199.jpg","datePublished":"2018-02-17T14:12:26+00:00","dateModified":"2022-11-02T13:59:55+00:00","breadcrumb":{"@id":"https:\/\/www.janinebeangallery.com\/en\/?page_id=10620#breadcrumb"},"inLanguage":"en-US","potentialAction":[{"@type":"ReadAction","target":["https:\/\/www.janinebeangallery.com\/en\/?page_id=10620"]}]},{"@type":"ImageObject","inLanguage":"en-US","@id":"https:\/\/www.janinebeangallery.com\/en\/?page_id=10620#primaryimage","url":"https:\/\/www.janinebeangallery.com\/en\/wp-content\/uploads\/2020\/02\/DSC_1098-scaled.jpg","contentUrl":"https:\/\/www.janinebeangallery.com\/en\/wp-content\/uploads\/2020\/02\/DSC_1098-scaled.jpg","width":2560,"height":1700},{"@type":"BreadcrumbList","@id":"https:\/\/www.janinebeangallery.com\/en\/?page_id=10620#breadcrumb","itemListElement":[{"@type":"ListItem","position":1,"name":"Home","item":"https:\/\/www.janinebeangallery.com\/en\/"},{"@type":"ListItem","position":2,"name":"Arny Schmit | CV"}]},{"@type":"WebSite","@id":"https:\/\/www.janinebeangallery.com\/en\/#website","url":"https:\/\/www.janinebeangallery.com\/en\/","name":"janinebeangallery","description":"Contemporary Art Gallery in Berlin","publisher":{"@id":"https:\/\/www.janinebeangallery.com\/en\/#organization"},"potentialAction":[{"@type":"SearchAction","target":{"@type":"EntryPoint","urlTemplate":"https:\/\/www.janinebeangallery.com\/en\/?s={search_term_string}"},"query-input":{"@type":"PropertyValueSpecification","valueRequired":true,"valueName":"search_term_string"}}],"inLanguage":"en-US"},{"@type":"Organization","@id":"https:\/\/www.janinebeangallery.com\/en\/#organization","name":"janinebeangallery","url":"https:\/\/www.janinebeangallery.com\/en\/","logo":{"@type":"ImageObject","inLanguage":"en-US","@id":"https:\/\/www.janinebeangallery.com\/en\/#\/schema\/logo\/image\/","url":"https:\/\/www.janinebeangallery.com\/en\/wp-content\/uploads\/2020\/09\/cropped-Logo_schwarz_groserer_hintergrund.jpg","contentUrl":"https:\/\/www.janinebeangallery.com\/en\/wp-content\/uploads\/2020\/09\/cropped-Logo_schwarz_groserer_hintergrund.jpg","width":924,"height":1181,"caption":"janinebeangallery"},"image":{"@id":"https:\/\/www.janinebeangallery.com\/en\/#\/schema\/logo\/image\/"}}]}},"_links":{"self":[{"href":"https:\/\/www.janinebeangallery.com\/en\/index.php?rest_route=\/wp\/v2\/pages\/10620","targetHints":{"allow":["GET"]}}],"collection":[{"href":"https:\/\/www.janinebeangallery.com\/en\/index.php?rest_route=\/wp\/v2\/pages"}],"about":[{"href":"https:\/\/www.janinebeangallery.com\/en\/index.php?rest_route=\/wp\/v2\/types\/page"}],"author":[{"embeddable":true,"href":"https:\/\/www.janinebeangallery.com\/en\/index.php?rest_route=\/wp\/v2\/users\/2"}],"replies":[{"embeddable":true,"href":"https:\/\/www.janinebeangallery.com\/en\/index.php?rest_route=%2Fwp%2Fv2%2Fcomments&post=10620"}],"version-history":[{"count":19,"href":"https:\/\/www.janinebeangallery.com\/en\/index.php?rest_route=\/wp\/v2\/pages\/10620\/revisions"}],"predecessor-version":[{"id":16234,"href":"https:\/\/www.janinebeangallery.com\/en\/index.php?rest_route=\/wp\/v2\/pages\/10620\/revisions\/16234"}],"wp:attachment":[{"href":"https:\/\/www.janinebeangallery.com\/en\/index.php?rest_route=%2Fwp%2Fv2%2Fmedia&parent=10620"}],"curies":[{"name":"wp","href":"https:\/\/api.w.org\/{rel}","templated":true}]}}